{"id":1601,"date":"2024-04-15T20:11:57","date_gmt":"2024-04-15T23:11:57","guid":{"rendered":"https:\/\/ppas.unam.edu.ar\/?page_id=1601"},"modified":"2024-05-04T19:44:38","modified_gmt":"2024-05-04T22:44:38","slug":"la-antropologia-del-poder","status":"publish","type":"page","link":"https:\/\/ppas.unam.edu.ar\/?page_id=1601","title":{"rendered":"La antropolog\u00eda del poder"},"content":{"rendered":"\t\t<div data-elementor-type=\"wp-page\" data-elementor-id=\"1601\" class=\"elementor elementor-1601\" data-elementor-post-type=\"page\">\n\t\t\t\t\t\t<section class=\"elementor-section elementor-top-section elementor-element elementor-element-41b62d4 elementor-section-boxed elementor-section-height-default elementor-section-height-default\" data-id=\"41b62d4\" data-element_type=\"section\">\n\t\t\t\t\t\t<div class=\"elementor-container elementor-column-gap-default\">\n\t\t\t\t\t<div class=\"elementor-column elementor-col-100 elementor-top-column elementor-element elementor-element-34a7360\" data-id=\"34a7360\" data-element_type=\"column\">\n\t\t\t<div class=\"elementor-widget-wrap elementor-element-populated\">\n\t\t\t\t\t\t<div class=\"elementor-element elementor-element-fe79978 elementor-widget elementor-widget-image\" data-id=\"fe79978\" data-element_type=\"widget\" data-widget_type=\"image.default\">\n\t\t\t\t<div class=\"elementor-widget-container\">\n\t\t\t\t\t\t\t\t\t\t\t\t\t\t\t<img fetchpriority=\"high\" decoding=\"async\" width=\"800\" height=\"450\" src=\"https:\/\/ppas.unam.edu.ar\/wp-content\/uploads\/2024\/04\/slide_1-1024x576.jpg\" class=\"attachment-large size-large wp-image-1603\" alt=\"\" srcset=\"https:\/\/ppas.unam.edu.ar\/wp-content\/uploads\/2024\/04\/slide_1-1024x576.jpg 1024w, https:\/\/ppas.unam.edu.ar\/wp-content\/uploads\/2024\/04\/slide_1-300x169.jpg 300w, https:\/\/ppas.unam.edu.ar\/wp-content\/uploads\/2024\/04\/slide_1-768x432.jpg 768w, https:\/\/ppas.unam.edu.ar\/wp-content\/uploads\/2024\/04\/slide_1-1536x864.jpg 1536w, https:\/\/ppas.unam.edu.ar\/wp-content\/uploads\/2024\/04\/slide_1-1040x585.jpg 1040w, https:\/\/ppas.unam.edu.ar\/wp-content\/uploads\/2024\/04\/slide_1-480x270.jpg 480w, https:\/\/ppas.unam.edu.ar\/wp-content\/uploads\/2024\/04\/slide_1.jpg 1920w\" sizes=\"(max-width: 800px) 100vw, 800px\" \/>\t\t\t\t\t\t\t\t\t\t\t\t\t\t\t<\/div>\n\t\t\t\t<\/div>\n\t\t\t\t\t<\/div>\n\t\t<\/div>\n\t\t\t\t\t<\/div>\n\t\t<\/section>\n\t\t\t\t<section class=\"elementor-section elementor-top-section elementor-element elementor-element-d20abbd elementor-section-boxed elementor-section-height-default elementor-section-height-default\" data-id=\"d20abbd\" data-element_type=\"section\">\n\t\t\t\t\t\t<div class=\"elementor-container elementor-column-gap-default\">\n\t\t\t\t\t<div class=\"elementor-column elementor-col-66 elementor-top-column elementor-element elementor-element-da71ed5\" data-id=\"da71ed5\" data-element_type=\"column\">\n\t\t\t<div class=\"elementor-widget-wrap elementor-element-populated\">\n\t\t\t\t\t\t<div class=\"elementor-element elementor-element-ef85c91 elementor-widget elementor-widget-heading\" data-id=\"ef85c91\" data-element_type=\"widget\" data-widget_type=\"heading.default\">\n\t\t\t\t<div class=\"elementor-widget-container\">\n\t\t\t\t\t<h2 class=\"elementor-heading-title elementor-size-default\">Detalles del seminario<\/h2>\t\t\t\t<\/div>\n\t\t\t\t<\/div>\n\t\t\t\t<div class=\"elementor-element elementor-element-c999c8b elementor-widget elementor-widget-text-editor\" data-id=\"c999c8b\" data-element_type=\"widget\" data-widget_type=\"text-editor.default\">\n\t\t\t\t<div class=\"elementor-widget-container\">\n\t\t\t\t\t\t\t\t\t<p><span style=\"font-size: 12pt;\"><strong>Estado de la inscripci\u00f3n: <\/strong>Abierta<br \/><\/span><span style=\"font-size: 12pt;\"><strong>Modalidad<\/strong><strong>: <\/strong>Intensivo. Dictado h\u00edbrido (clases\u00a0presenciales y\/o virtuales sincr\u00f3nicas)<br \/><\/span><span style=\"font-size: 12pt;\"><strong>Carga horaria:<\/strong> 50 horas<br \/><\/span><span style=\"font-size: 12pt;\"><strong>Fechas de inicio y fin<\/strong><strong>: <\/strong>17\/06\/2024 al 21\/06\/2024<br \/><\/span><span style=\"font-size: 12pt;\"><strong>Horario<\/strong><strong>: <\/strong>9 a 12 hs. y 16 a 19 hs.<br \/><\/span><span style=\"font-size: 12pt;\"><strong>Cupo de estudiantes:<\/strong> M\u00ednimo 12<br \/><\/span><span style=\"font-size: 12pt;\"><strong>Destinatarios<\/strong><strong>: <\/strong>Estudiantes de posgrado, investigadores\/as, profesionales y docentes universitarios\/as de distintas \u00e1reas disciplinarias con inter\u00e9s en la investigaci\u00f3n social.<br \/><\/span><span style=\"font-size: 12pt;\"><strong>Requisitos de admisi\u00f3n<\/strong>: Poseer un t\u00edtulo universitario o de nivel terciario de al menos cuatro a\u00f1os de duraci\u00f3n.<\/span><\/p>\t\t\t\t\t\t\t\t<\/div>\n\t\t\t\t<\/div>\n\t\t\t\t<div class=\"elementor-element elementor-element-5d12ba2 elementor-widget-divider--view-line elementor-widget elementor-widget-divider\" data-id=\"5d12ba2\" data-element_type=\"widget\" data-widget_type=\"divider.default\">\n\t\t\t\t<div class=\"elementor-widget-container\">\n\t\t\t\t\t\t\t<div class=\"elementor-divider\">\n\t\t\t<span class=\"elementor-divider-separator\">\n\t\t\t\t\t\t<\/span>\n\t\t<\/div>\n\t\t\t\t\t\t<\/div>\n\t\t\t\t<\/div>\n\t\t\t\t<div class=\"elementor-element elementor-element-3e2e0f3 elementor-widget elementor-widget-text-editor\" data-id=\"3e2e0f3\" data-element_type=\"widget\" data-widget_type=\"text-editor.default\">\n\t\t\t\t<div class=\"elementor-widget-container\">\n\t\t\t\t\t\t\t\t\t<p><strong>Docente a cargo<\/strong>: <span style=\"text-decoration: underline;\"><a href=\"https:\/\/ppas.unam.edu.ar\/?page_id=1607\" target=\"_blank\" rel=\"noopener\">Dr. Juan Dukuen<\/a><\/span><\/p>\t\t\t\t\t\t\t\t<\/div>\n\t\t\t\t<\/div>\n\t\t\t\t<div class=\"elementor-element elementor-element-6eaee44 elementor-widget-divider--view-line elementor-widget elementor-widget-divider\" data-id=\"6eaee44\" data-element_type=\"widget\" data-widget_type=\"divider.default\">\n\t\t\t\t<div class=\"elementor-widget-container\">\n\t\t\t\t\t\t\t<div class=\"elementor-divider\">\n\t\t\t<span class=\"elementor-divider-separator\">\n\t\t\t\t\t\t<\/span>\n\t\t<\/div>\n\t\t\t\t\t\t<\/div>\n\t\t\t\t<\/div>\n\t\t\t\t<div class=\"elementor-element elementor-element-e24863f elementor-widget elementor-widget-heading\" data-id=\"e24863f\" data-element_type=\"widget\" data-widget_type=\"heading.default\">\n\t\t\t\t<div class=\"elementor-widget-container\">\n\t\t\t\t\t<h2 class=\"elementor-heading-title elementor-size-default\">Resumen del curso<\/h2>\t\t\t\t<\/div>\n\t\t\t\t<\/div>\n\t\t\t\t<div class=\"elementor-element elementor-element-47d5479 elementor-widget elementor-widget-text-editor\" data-id=\"47d5479\" data-element_type=\"widget\" data-widget_type=\"text-editor.default\">\n\t\t\t\t<div class=\"elementor-widget-container\">\n\t\t\t\t\t\t\t\t\t<p style=\"text-align: justify;\">Este seminario propone un an\u00e1lisis cr\u00edtico de los principales desarrollos de la antropolog\u00eda del poder de Pierre Bourdieu, con especial atenci\u00f3n a la g\u00e9nesis de sus nociones fundamentales (<em>habitus, poder y violencia simb\u00f3lica<\/em>) en el marco de sus investigaciones emp\u00edricas, poniendo especial foco en sus estudios etnol\u00f3gicos\/etnogr\u00e1ficos, a los que se le ha prestado poca atenci\u00f3n en la antropolog\u00eda social en Argentina.<\/p><p style=\"text-align: justify;\">Esta mirada antropol\u00f3gica del enfoque de Bourdieu habilitar\u00e1 una lectura alternativa fenomenol\u00f3gicamente orientada, para reconsiderar las cr\u00edticas de determinismo que pesan sobre las teor\u00edas de la pr\u00e1ctica, del poder y la dominaci\u00f3n simb\u00f3lica y brindar herramientas potentes para el estudio etnogr\u00e1fico de diversos dominios de acci\u00f3n en nuestras sociedades contempor\u00e1neas.<\/p>\t\t\t\t\t\t\t\t<\/div>\n\t\t\t\t<\/div>\n\t\t\t\t<div class=\"elementor-element elementor-element-47ba6a0 elementor-widget elementor-widget-heading\" data-id=\"47ba6a0\" data-element_type=\"widget\" data-widget_type=\"heading.default\">\n\t\t\t\t<div class=\"elementor-widget-container\">\n\t\t\t\t\t<h2 class=\"elementor-heading-title elementor-size-default\">Objetivo General<\/h2>\t\t\t\t<\/div>\n\t\t\t\t<\/div>\n\t\t\t\t<div class=\"elementor-element elementor-element-7ea1669 elementor-widget elementor-widget-text-editor\" data-id=\"7ea1669\" data-element_type=\"widget\" data-widget_type=\"text-editor.default\">\n\t\t\t\t<div class=\"elementor-widget-container\">\n\t\t\t\t\t\t\t\t\t<p style=\"text-align: justify;\">Profundizar en el conocimiento sobre la antropolog\u00eda del poder de Pierre Bourdieu desde una perspectiva cr\u00edtica de orientaci\u00f3n fenomenol\u00f3gica y etnograf\u00eda.<\/p>\t\t\t\t\t\t\t\t<\/div>\n\t\t\t\t<\/div>\n\t\t\t\t<div class=\"elementor-element elementor-element-8b8ecb2 elementor-widget elementor-widget-heading\" data-id=\"8b8ecb2\" data-element_type=\"widget\" data-widget_type=\"heading.default\">\n\t\t\t\t<div class=\"elementor-widget-container\">\n\t\t\t\t\t<h2 class=\"elementor-heading-title elementor-size-default\">Objetivos espec\u00edficos<\/h2>\t\t\t\t<\/div>\n\t\t\t\t<\/div>\n\t\t\t\t<div class=\"elementor-element elementor-element-88ba99b elementor-widget elementor-widget-text-editor\" data-id=\"88ba99b\" data-element_type=\"widget\" data-widget_type=\"text-editor.default\">\n\t\t\t\t<div class=\"elementor-widget-container\">\n\t\t\t\t\t\t\t\t\t<ul><li style=\"text-align: justify;\">Analizar la g\u00e9nesis de las principales nociones de las teor\u00edas de la pr\u00e1ctica, del poder y la dominaci\u00f3n simb\u00f3lica de Pierre Bourdieu, con especial atenci\u00f3n en sus investigaciones antropol\u00f3gicas.<\/li><li style=\"text-align: justify;\">Dar cuenta de la fundamentaci\u00f3n fenomenol\u00f3gica y socio-antropol\u00f3gica de ese enfoque te\u00f3rico.<\/li><li style=\"text-align: justify;\">Proponer una relectura cr\u00edtica y una reelaboraci\u00f3n conceptual de esa antropolog\u00eda, orientada a la investigaci\u00f3n etnogr\u00e1fica.<\/li><li style=\"text-align: justify;\">A partir de la inversi\u00f3n del enfoque bourdeano en investigaciones etnogr\u00e1ficas contempor\u00e1neas, brindar herramientas potentes para las investigaciones de lxs estudiantes<\/li><\/ul>\t\t\t\t\t\t\t\t<\/div>\n\t\t\t\t<\/div>\n\t\t\t\t<div class=\"elementor-element elementor-element-578f46d elementor-widget elementor-widget-heading\" data-id=\"578f46d\" data-element_type=\"widget\" data-widget_type=\"heading.default\">\n\t\t\t\t<div class=\"elementor-widget-container\">\n\t\t\t\t\t<h2 class=\"elementor-heading-title elementor-size-default\">Regularidad y condiciones de aprobaci\u00f3n<\/h2>\t\t\t\t<\/div>\n\t\t\t\t<\/div>\n\t\t\t\t<div class=\"elementor-element elementor-element-4b678f7 elementor-widget elementor-widget-text-editor\" data-id=\"4b678f7\" data-element_type=\"widget\" data-widget_type=\"text-editor.default\">\n\t\t\t\t<div class=\"elementor-widget-container\">\n\t\t\t\t\t\t\t\t\t<p style=\"text-align: justify;\">El seminario se aprobar\u00e1 mediante el 75% de asistencia a clase y la calificaci\u00f3n con 7 (siete sobre diez) de una monograf\u00eda final que profundice y\/o ampl\u00ede las problem\u00e1ticas abordadas en relaci\u00f3n con las tem\u00e1ticas propuestas en las investigaciones llevadas adelante por lxs estudiantes.<\/p>\t\t\t\t\t\t\t\t<\/div>\n\t\t\t\t<\/div>\n\t\t\t\t<div class=\"elementor-element elementor-element-f39be1f elementor-widget-divider--view-line elementor-widget elementor-widget-divider\" data-id=\"f39be1f\" data-element_type=\"widget\" data-widget_type=\"divider.default\">\n\t\t\t\t<div class=\"elementor-widget-container\">\n\t\t\t\t\t\t\t<div class=\"elementor-divider\">\n\t\t\t<span class=\"elementor-divider-separator\">\n\t\t\t\t\t\t<\/span>\n\t\t<\/div>\n\t\t\t\t\t\t<\/div>\n\t\t\t\t<\/div>\n\t\t\t\t<div class=\"elementor-element elementor-element-558f830 elementor-widget elementor-widget-heading\" data-id=\"558f830\" data-element_type=\"widget\" data-widget_type=\"heading.default\">\n\t\t\t\t<div class=\"elementor-widget-container\">\n\t\t\t\t\t<h2 class=\"elementor-heading-title elementor-size-default\">Unidades tem\u00e1ticas<\/h2>\t\t\t\t<\/div>\n\t\t\t\t<\/div>\n\t\t\t\t<div class=\"elementor-element elementor-element-068887b elementor-widget elementor-widget-text-editor\" data-id=\"068887b\" data-element_type=\"widget\" data-widget_type=\"text-editor.default\">\n\t\t\t\t<div class=\"elementor-widget-container\">\n\t\t\t\t\t\t\t\t\t<p style=\"text-align: justify;\"><strong>Unidad 1. G\u00e9nesis de la antropolog\u00eda del poder de Pierre Bourdieu I:\u00a0 fundamentos.<\/strong><\/p><p style=\"text-align: justify;\">El campo filos\u00f3fico franc\u00e9s a finales de la d\u00e9cada de 1950: Fenomenolog\u00eda\/Estructuralismo: La impronta de Husserl: habitus y habitualidad. Merleau-Ponty, el h\u00e1bito y la fenomenolog\u00eda del cuerpo: De Mauss a L\u00e9vi-Strauss, o la cr\u00edtica a Sartre en <em>El pensamiento <\/em><em>salvaje.<\/em><\/p><p style=\"text-align: justify;\">Bourdieu, de la filosof\u00eda a la antropolog\u00eda (Argelia 1958-1964): los estudios de etnolog\u00eda en la Cabilia, el celibato bearnes y los campesinos desarraigados como casos pr\u00e1cticos en la formaci\u00f3n de la <em>teor\u00eda de la pr\u00e1ctica, del poder y la violencia simb\u00f3lica<\/em>. La g\u00e9nesis de los conceptos disposicionales: <em>hexis, ethos y habitus <\/em>y su fundamentaci\u00f3n fenomenol\u00f3gica. Entre Husserl Weber, Mauss y Merleau-Ponty. Proleg\u00f3menos a la noci\u00f3n de <em>habitus<\/em> escindidos\/desgarrados (<em>habitus cliv\u00e9<\/em>) en <em>El desarraigo<\/em> de Bourdieu y Sayad (1964).<\/p><p style=\"text-align: justify;\"><strong>Unidad 2. Poder y violencia simb\u00f3lica en la sociolog\u00eda cr\u00edtica de la educaci\u00f3n y la cultura.<\/strong><\/p><p style=\"text-align: justify;\">G\u00e9nesis de una sociolog\u00eda cr\u00edtica de la educaci\u00f3n y la cultura: de <em>Los herederos a La reproducci\u00f3n<\/em> (1964-1970) hasta <em>La distinci\u00f3n<\/em> (1979). Teor\u00eda de la legitimidad cultural y teor\u00eda de la violencia simb\u00f3lica. La contribuci\u00f3n de la escuela a la distribuci\u00f3n desigual del capital cultural y a la reproducci\u00f3n de la estructura de clases sociales. \u201cSobre el poder simb\u00f3lico\u201d (1977): el correlato entre poder simb\u00f3lico y violencia simb\u00f3lica, su fundamentaci\u00f3n en el ajuste entre estructuras objetivas y subjetivas. La elecci\u00f3n de lo necesario o el problema del determinismo en <em>La distinci\u00f3n<\/em> (1979): Dominomorfismo y dominocentrismo: una cr\u00edtica cl\u00e1sica a Bourdieu (Grignon y Passeron) y una etnograf\u00eda sobre \u201cbarras\u201d en Argentina (Garriga Zucal). Cr\u00edtica del doble correlato: la violencia simb\u00f3lica como apuestas\/estrategias en las luchas por el poder simb\u00f3lico. La noci\u00f3n de campo y el anti-funcionalismo.<\/p><p style=\"text-align: justify;\"><strong>Unidad 3. Para una cr\u00edtica de la antropolog\u00eda del poder de Bourdieu I: La teor\u00eda de la pr\u00e1ctica y la noci\u00f3n de <em>habitu<\/em>s. Una lectura alternativa.<\/strong><\/p><p style=\"text-align: justify;\">Del<em> Esbozo de una teor\u00eda de la pr\u00e1ctica <\/em>a<em> El sentido pr\u00e1ctico <\/em>(1972-1980). Los <em>tres modos de conocimiento te\u00f3rico<\/em> (Fenomenol\u00f3gico, Objetivista y Praxeol\u00f3gico). Subjetivismo\/objetivismo como parejas epistemol\u00f3gicas y su superaci\u00f3n en la praxeolog\u00eda. Anti-intelectualismo: la preeminencia del cuerpo propio y de la pr\u00e1ctica pre-reflexiva. El <em>habitus<\/em> como sistema de <em>disposiciones y esquemas<\/em> (<em>sch\u00e8mes<\/em>) <em>duraderos y transferibles.<\/em> La l\u00f3gica de la pr\u00e1ctica y su temporalidad.<em> Doxa<\/em> originaria y sentido pr\u00e1ctico. Cr\u00edticas fenomenol\u00f3gicas al enfoque de Bourdieu y cr\u00edtica de la cr\u00edtica. Ambig\u00fcedad e indeterminaci\u00f3n del sentido pr\u00e1ctico: los estudios de etnolog\u00eda cabil y la impronta de Merleau-Ponty. Complicidad ontol\u00f3gica o ajuste entre estructuras subjetivas y objetivas: una reelaboraci\u00f3n merleaupontyana y gen\u00e9tica de la noci\u00f3n de habitus en el orden de las transformaciones pr\u00e1cticas. Diferencias con la cr\u00edtica contempor\u00e1nea de Lahire.<\/p><p style=\"text-align: justify;\"><strong>Unidad 4. Para una cr\u00edtica de la antropolog\u00eda del poder de Bourdieu I: La teor\u00eda del poder y la violencia simb\u00f3lica: transformaciones y potencialidades cr\u00edticas.\u00a0<\/strong><\/p><p style=\"text-align: justify;\">Una antropolog\u00eda comparada de los modos de dominaci\u00f3n (1980-2000): violencia abierta y violencia simb\u00f3lica (<em>desconocimiento\/reconocimiento<\/em>). El caso de la dominaci\u00f3n masculina (1980-1990-1998) en los kabiles y en la sociedad euroamericana contempor\u00e1nea. Los estudios sobre el campo de las Grandes Escuelas francesas (1984-1989), la formaci\u00f3n de la Nobleza de Estado y el campo del poder: los circuitos de legitimaci\u00f3n y la complejidad de los modos de dominaci\u00f3n. Reflexividad, contradiestramiento (<em>contre-dressage<\/em>) del cuerpo y acci\u00f3n pol\u00edtica como \u201cm\u00e1rgenes de libertad\u201d: el legado de <em>Meditaciones pascalianas<\/em> (1997). Aportes de los cursos de <em>Sociolog\u00eda General<\/em> en el Coll\u00e9ge de France.<\/p><p style=\"text-align: justify;\"><strong>Unidad 5. La inversi\u00f3n de la teor\u00eda (parafraseando a Balbi) en la investigaci\u00f3n etnogr\u00e1fica. Algunos casos pr\u00e1cticos<\/strong>.<\/p><p style=\"text-align: justify;\">Las investigaciones de Bourdieu y equipo en <em>La miseria del mundo<\/em> (1993) vistas desde una antropolog\u00eda del neoliberalismo. Wacquant: una etnograf\u00eda del box (2000), di\u00e1logos con la antropolog\u00eda de\/desde los cuerpos (Csordas, Crosley, Citro). Socializaci\u00f3n juvenil en colegios de clases altas: poder simb\u00f3lico, g\u00e9nero, alteridad y desigualdad (Dukuen)<\/p>\t\t\t\t\t\t\t\t<\/div>\n\t\t\t\t<\/div>\n\t\t\t\t<div class=\"elementor-element elementor-element-6e8406c elementor-widget-divider--view-line elementor-widget elementor-widget-divider\" data-id=\"6e8406c\" data-element_type=\"widget\" data-widget_type=\"divider.default\">\n\t\t\t\t<div class=\"elementor-widget-container\">\n\t\t\t\t\t\t\t<div class=\"elementor-divider\">\n\t\t\t<span class=\"elementor-divider-separator\">\n\t\t\t\t\t\t<\/span>\n\t\t<\/div>\n\t\t\t\t\t\t<\/div>\n\t\t\t\t<\/div>\n\t\t\t\t<div class=\"elementor-element elementor-element-9f32925 elementor-widget elementor-widget-heading\" data-id=\"9f32925\" data-element_type=\"widget\" data-widget_type=\"heading.default\">\n\t\t\t\t<div class=\"elementor-widget-container\">\n\t\t\t\t\t<h2 class=\"elementor-heading-title elementor-size-default\">Requisitos de admisi\u00f3n<\/h2>\t\t\t\t<\/div>\n\t\t\t\t<\/div>\n\t\t\t\t<div class=\"elementor-element elementor-element-6cf91eb elementor-widget elementor-widget-text-editor\" data-id=\"6cf91eb\" data-element_type=\"widget\" data-widget_type=\"text-editor.default\">\n\t\t\t\t<div class=\"elementor-widget-container\">\n\t\t\t\t\t\t\t\t\t<p>Poseer un t\u00edtulo universitario o de nivel terciario de al menos cuatro a\u00f1os de duraci\u00f3n.<\/p>\t\t\t\t\t\t\t\t<\/div>\n\t\t\t\t<\/div>\n\t\t\t\t<div class=\"elementor-element elementor-element-d8960b2 elementor-widget-divider--view-line elementor-widget elementor-widget-divider\" data-id=\"d8960b2\" data-element_type=\"widget\" data-widget_type=\"divider.default\">\n\t\t\t\t<div class=\"elementor-widget-container\">\n\t\t\t\t\t\t\t<div class=\"elementor-divider\">\n\t\t\t<span class=\"elementor-divider-separator\">\n\t\t\t\t\t\t<\/span>\n\t\t<\/div>\n\t\t\t\t\t\t<\/div>\n\t\t\t\t<\/div>\n\t\t\t\t<div class=\"elementor-element elementor-element-a2910b3 elementor-widget elementor-widget-heading\" data-id=\"a2910b3\" data-element_type=\"widget\" data-widget_type=\"heading.default\">\n\t\t\t\t<div class=\"elementor-widget-container\">\n\t\t\t\t\t<h2 class=\"elementor-heading-title elementor-size-default\">Aranceles<\/h2>\t\t\t\t<\/div>\n\t\t\t\t<\/div>\n\t\t\t\t<div class=\"elementor-element elementor-element-2b10d45 elementor-widget elementor-widget-text-editor\" data-id=\"2b10d45\" data-element_type=\"widget\" data-widget_type=\"text-editor.default\">\n\t\t\t\t<div class=\"elementor-widget-container\">\n\t\t\t\t\t\t\t\t\t<p style=\"text-align: justify;\"><strong>Aclaraci\u00f3n: <\/strong>Las\/os Estudiantes Regulares del PPAS y Estudiantes Externos Residentes en Argentina podr\u00e1n abonar el monto del arancel en un s\u00f3lo pago o bien en dos: un primer pago con la inscripci\u00f3n y otro al mes siguiente.<\/p>\t\t\t\t\t\t\t\t<\/div>\n\t\t\t\t<\/div>\n\t\t\t\t<div class=\"elementor-element elementor-element-dc27812 elementor-widget elementor-widget-text-editor\" data-id=\"dc27812\" data-element_type=\"widget\" data-widget_type=\"text-editor.default\">\n\t\t\t\t<div class=\"elementor-widget-container\">\n\t\t\t\t\t\t\t\t\t<p><strong><u>Montos vigentes del 1 de <\/u><\/strong><strong><u>Febrero al 30 de abril 2024<\/u><\/strong><\/p><table width=\"598\"><tbody><tr><td width=\"345\"><p><strong>Arancel de seminarios<\/strong><\/p><\/td><td width=\"94\"><p><strong>Monto total<\/strong><\/p><\/td><td width=\"76\"><p><strong>1ra. cuota<\/strong><\/p><\/td><td width=\"83\"><p><strong>2da. cuota<\/strong><\/p><\/td><\/tr><tr><td width=\"345\"><p>Estudiantes Regulares del PPAS<\/p><\/td><td width=\"94\"><p>$60.000<\/p><\/td><td width=\"76\"><p>$30.000<\/p><\/td><td width=\"83\"><p>$30.000<\/p><\/td><\/tr><tr><td width=\"345\"><p>Estudiantes Externos Residentes en Argentina<\/p><\/td><td width=\"94\"><p>$84.000<\/p><\/td><td width=\"76\"><p>$42.000<\/p><\/td><td width=\"83\"><p>$42.000<\/p><\/td><\/tr><tr><td width=\"345\"><p>Estudiantes Externos No Residentes en Argentina<\/p><\/td><td width=\"94\"><p>120 d\u00f3lares<\/p><\/td><td width=\"76\"><p>&#8212;&#8212;&#8212;<\/p><\/td><td width=\"83\"><p>&#8212;&#8212;&#8212;-<\/p><\/td><\/tr><tr><td width=\"345\"><p>Egresados y Docentes de la Universidad Nacional de Misiones*<\/p><\/td><td width=\"94\"><p>$67.200 (20% de descuento)<\/p><\/td><td width=\"76\"><p>$33.600<\/p><\/td><td width=\"83\"><p>$33.600<\/p><\/td><\/tr><\/tbody><\/table><p style=\"text-align: justify;\">*Los egresados y docentes de la Universidad Nacional de Misiones tienen un descuento del 20% sobre matr\u00edcula y aranceles, salvo que resulten ser beneficiarias\/os de becas otorgadas para la realizaci\u00f3n de un posgrado por parte de la UNaM, el CONICET, la ANPCyT, u otras instituciones similares (Anexo 6 del reglamento del PPAS: Matr\u00edcula, Aranceles y Becas, inciso F).<\/p>\t\t\t\t\t\t\t\t<\/div>\n\t\t\t\t<\/div>\n\t\t\t\t<div class=\"elementor-element elementor-element-1180ad8 elementor-widget elementor-widget-text-editor\" data-id=\"1180ad8\" data-element_type=\"widget\" data-widget_type=\"text-editor.default\">\n\t\t\t\t<div class=\"elementor-widget-container\">\n\t\t\t\t\t\t\t\t\t<p style=\"text-align: justify;\"><strong>IMPORTANTE:<\/strong> la inscripci\u00f3n s\u00f3lo quedar\u00e1 confirmada habiendo abonado como m\u00ednimo el 50% del arancel. Para obtener el certificado, una vez aprobado el curso, deber\u00e1 tener el 100% del arancel pago, adem\u00e1s de cumplimentar los requisitos del seminario seg\u00fan lo estipulado en el programa.<\/p>\t\t\t\t\t\t\t\t<\/div>\n\t\t\t\t<\/div>\n\t\t\t\t<div class=\"elementor-element elementor-element-3540627 elementor-widget-divider--view-line elementor-widget elementor-widget-divider\" data-id=\"3540627\" data-element_type=\"widget\" data-widget_type=\"divider.default\">\n\t\t\t\t<div class=\"elementor-widget-container\">\n\t\t\t\t\t\t\t<div class=\"elementor-divider\">\n\t\t\t<span class=\"elementor-divider-separator\">\n\t\t\t\t\t\t<\/span>\n\t\t<\/div>\n\t\t\t\t\t\t<\/div>\n\t\t\t\t<\/div>\n\t\t\t\t<div class=\"elementor-element elementor-element-63ef699 elementor-widget elementor-widget-heading\" data-id=\"63ef699\" data-element_type=\"widget\" data-widget_type=\"heading.default\">\n\t\t\t\t<div class=\"elementor-widget-container\">\n\t\t\t\t\t<h2 class=\"elementor-heading-title elementor-size-default\">Medio de pago<\/h2>\t\t\t\t<\/div>\n\t\t\t\t<\/div>\n\t\t\t\t<section class=\"elementor-section elementor-inner-section elementor-element elementor-element-fd60cb7 elementor-section-boxed elementor-section-height-default elementor-section-height-default\" data-id=\"fd60cb7\" data-element_type=\"section\">\n\t\t\t\t\t\t<div class=\"elementor-container elementor-column-gap-default\">\n\t\t\t\t\t<div class=\"elementor-column elementor-col-50 elementor-inner-column elementor-element elementor-element-3c48e95\" data-id=\"3c48e95\" data-element_type=\"column\">\n\t\t\t<div class=\"elementor-widget-wrap elementor-element-populated\">\n\t\t\t\t\t\t<div class=\"elementor-element elementor-element-eeeff3d elementor-widget elementor-widget-text-editor\" data-id=\"eeeff3d\" data-element_type=\"widget\" data-widget_type=\"text-editor.default\">\n\t\t\t\t<div class=\"elementor-widget-container\">\n\t\t\t\t\t\t\t\t\t<p><strong>Estudiantes Regulares del PPAS y Externos residentes en Argentina: <a href=\"https:\/\/ppas.unam.edu.ar\/\/wp-content\/uploads\/2021\/08\/Datos-bancarios-para-transferencias-y-depositos-por-cajero.pdf\" target=\"_blank\" rel=\"noopener\"><u>acceder aqu\u00ed<\/u> <\/a><\/strong><\/p>\t\t\t\t\t\t\t\t<\/div>\n\t\t\t\t<\/div>\n\t\t\t\t\t<\/div>\n\t\t<\/div>\n\t\t\t\t<div class=\"elementor-column elementor-col-50 elementor-inner-column elementor-element elementor-element-7914dc6\" data-id=\"7914dc6\" data-element_type=\"column\">\n\t\t\t<div class=\"elementor-widget-wrap elementor-element-populated\">\n\t\t\t\t\t\t<div class=\"elementor-element elementor-element-ce7fd2a elementor-widget elementor-widget-text-editor\" data-id=\"ce7fd2a\" data-element_type=\"widget\" data-widget_type=\"text-editor.default\">\n\t\t\t\t<div class=\"elementor-widget-container\">\n\t\t\t\t\t\t\t\t\t<p><strong>Pagos Estudiantes Externos No Residentes en<\/strong><strong> Argentina:<\/strong> comunicarse a <a href=\"mailto:ppas@fhycs.unam.edu.ar\">ppas@fhycs.unam.edu.ar<\/a><\/p>\t\t\t\t\t\t\t\t<\/div>\n\t\t\t\t<\/div>\n\t\t\t\t\t<\/div>\n\t\t<\/div>\n\t\t\t\t\t<\/div>\n\t\t<\/section>\n\t\t\t\t<div class=\"elementor-element elementor-element-d4e57cf elementor-widget-divider--view-line elementor-widget elementor-widget-divider\" data-id=\"d4e57cf\" data-element_type=\"widget\" data-widget_type=\"divider.default\">\n\t\t\t\t<div class=\"elementor-widget-container\">\n\t\t\t\t\t\t\t<div class=\"elementor-divider\">\n\t\t\t<span class=\"elementor-divider-separator\">\n\t\t\t\t\t\t<\/span>\n\t\t<\/div>\n\t\t\t\t\t\t<\/div>\n\t\t\t\t<\/div>\n\t\t\t\t<div class=\"elementor-element elementor-element-b158fad elementor-widget elementor-widget-heading\" data-id=\"b158fad\" data-element_type=\"widget\" data-widget_type=\"heading.default\">\n\t\t\t\t<div class=\"elementor-widget-container\">\n\t\t\t\t\t<h2 class=\"elementor-heading-title elementor-size-default\">Inscripci\u00f3n<\/h2>\t\t\t\t<\/div>\n\t\t\t\t<\/div>\n\t\t\t\t<div class=\"elementor-element elementor-element-b3ad6db elementor-widget elementor-widget-text-editor\" data-id=\"b3ad6db\" data-element_type=\"widget\" data-widget_type=\"text-editor.default\">\n\t\t\t\t<div class=\"elementor-widget-container\">\n\t\t\t\t\t\t\t\t\t<p style=\"text-align: justify;\">Recomendaci\u00f3n: al momento de completar el formulario tenga a mano los archivos que deber\u00e1 adjuntar en el mismo seg\u00fan el caso.<\/p><p style=\"text-align: justify;\"><strong>1) Estudiantes Regulares de Maestr\u00eda y Doctorado del PPAS<\/strong>: adjuntar en el formulario el comprobante de transferencia bancaria. <span style=\"color: #800000;\"><strong><a style=\"color: #800000;\" href=\"https:\/\/docs.google.com\/forms\/d\/e\/1FAIpQLSdQb8k7AuOC9AWKejS7dGKHmkS0icIrTD5nXFnNl-tsxHHUXw\/viewform?usp=sharing\" target=\"_blank\" rel=\"noopener\">Clic aqu\u00ed para inscribirse<\/a><\/strong><\/span><\/p><p style=\"text-align: justify;\">2) <strong>Estudiantes Externos Residentes en Argentina<\/strong>: adjuntar en el formulario tres archivos: DNI, T\u00edtulo Universitario o Terciario de 4 a\u00f1os de duraci\u00f3n m\u00ednimo y comprobante de transferencia bancaria. <span style=\"color: #800000;\"><strong><a style=\"color: #800000;\" href=\"https:\/\/docs.google.com\/forms\/d\/e\/1FAIpQLSfKf8BAGyTSOsdkB5hoyx4X2siQP1CWVkKlwdNVdpxUcXXWag\/viewform?usp=sharing\" target=\"_blank\" rel=\"noopener\">Clic aqu\u00ed para inscribirse<\/a><\/strong><\/span><\/p><p style=\"text-align: justify;\">3) <strong>Estudiantes Externos Residentes en el Extranjero<\/strong>: adjuntar en el formulario dos archivos: DNI o Pasaporte y T\u00edtulo Universitario. <span style=\"color: #800000;\"><strong><a style=\"color: #800000;\" href=\"https:\/\/docs.google.com\/forms\/d\/e\/1FAIpQLSeqgZgBfFw_MZOr-T9tgUt-4CnRGzSqazsiUO-K5i-lQFOiCg\/viewform?usp=sharing\" target=\"_blank\" rel=\"noopener\">Clic aqu\u00ed para inscribirse<\/a><\/strong><\/span><\/p>\t\t\t\t\t\t\t\t<\/div>\n\t\t\t\t<\/div>\n\t\t\t\t<div class=\"elementor-element elementor-element-ca454c4 elementor-widget-divider--view-line elementor-widget elementor-widget-divider\" data-id=\"ca454c4\" data-element_type=\"widget\" data-widget_type=\"divider.default\">\n\t\t\t\t<div class=\"elementor-widget-container\">\n\t\t\t\t\t\t\t<div class=\"elementor-divider\">\n\t\t\t<span class=\"elementor-divider-separator\">\n\t\t\t\t\t\t<\/span>\n\t\t<\/div>\n\t\t\t\t\t\t<\/div>\n\t\t\t\t<\/div>\n\t\t\t\t<div class=\"elementor-element elementor-element-181db4b elementor-widget elementor-widget-heading\" data-id=\"181db4b\" data-element_type=\"widget\" data-widget_type=\"heading.default\">\n\t\t\t\t<div class=\"elementor-widget-container\">\n\t\t\t\t\t<h2 class=\"elementor-heading-title elementor-size-default\">M\u00e1s informaci\u00f3n y contacto<\/h2>\t\t\t\t<\/div>\n\t\t\t\t<\/div>\n\t\t\t\t<div class=\"elementor-element elementor-element-93e07c6 elementor-widget elementor-widget-text-editor\" data-id=\"93e07c6\" data-element_type=\"widget\" data-widget_type=\"text-editor.default\">\n\t\t\t\t<div class=\"elementor-widget-container\">\n\t\t\t\t\t\t\t\t\tEmail: ppas@fhycs.unam.edu.ar\n\nTel\u00e9fono fijo: (54) 3764-426341\n\nRedes sociales: \u00a0<a href=\"about:blank\">\u00a0<\/a><a href=\"https:\/\/www.facebook.com\/PPASPosadas\" target=\"_blank\" rel=\"noopener\">PPASPosadas<\/a>\u00a0<a href=\"about:blank\">\u00a0<\/a><a href=\"https:\/\/www.instagram.com\/pp_antropologia_social\/\" target=\"_blank\" rel=\"noopener\">\u00a0pp_antropologia_social<\/a>\t\t\t\t\t\t\t\t<\/div>\n\t\t\t\t<\/div>\n\t\t\t\t\t<\/div>\n\t\t<\/div>\n\t\t\t\t<div class=\"elementor-column elementor-col-33 elementor-top-column elementor-element elementor-element-653d520\" data-id=\"653d520\" data-element_type=\"column\">\n\t\t\t<div class=\"elementor-widget-wrap elementor-element-populated\">\n\t\t\t\t\t\t<div class=\"elementor-element elementor-element-efdaa57 elementor-toc--minimized-on-tablet elementor-widget elementor-widget-table-of-contents\" data-id=\"efdaa57\" data-element_type=\"widget\" data-settings=\"{&quot;exclude_headings_by_selector&quot;:[],&quot;headings_by_tags&quot;:[&quot;h2&quot;,&quot;h3&quot;,&quot;h4&quot;,&quot;h5&quot;,&quot;h6&quot;],&quot;marker_view&quot;:&quot;numbers&quot;,&quot;no_headings_message&quot;:&quot;No headings were found on this page.&quot;,&quot;minimize_box&quot;:&quot;yes&quot;,&quot;minimized_on&quot;:&quot;tablet&quot;,&quot;hierarchical_view&quot;:&quot;yes&quot;,&quot;min_height&quot;:{&quot;unit&quot;:&quot;px&quot;,&quot;size&quot;:&quot;&quot;,&quot;sizes&quot;:[]},&quot;min_height_tablet&quot;:{&quot;unit&quot;:&quot;px&quot;,&quot;size&quot;:&quot;&quot;,&quot;sizes&quot;:[]},&quot;min_height_mobile&quot;:{&quot;unit&quot;:&quot;px&quot;,&quot;size&quot;:&quot;&quot;,&quot;sizes&quot;:[]}}\" data-widget_type=\"table-of-contents.default\">\n\t\t\t\t<div class=\"elementor-widget-container\">\n\t\t\t\t\t\t\t<div class=\"elementor-toc__header\">\n\t\t\t<h4 class=\"elementor-toc__header-title\">\n\t\t\t\tMen\u00fa\t\t\t<\/h4>\n\t\t\t\t\t\t\t<div class=\"elementor-toc__toggle-button elementor-toc__toggle-button--expand\" role=\"button\" tabindex=\"0\" aria-controls=\"elementor-toc__efdaa57\" aria-expanded=\"true\" aria-label=\"Open table of contents\"><i aria-hidden=\"true\" class=\"fas fa-chevron-down\"><\/i><\/div>\n\t\t\t\t<div class=\"elementor-toc__toggle-button elementor-toc__toggle-button--collapse\" role=\"button\" tabindex=\"0\" aria-controls=\"elementor-toc__efdaa57\" aria-expanded=\"true\" aria-label=\"Close table of contents\"><i aria-hidden=\"true\" class=\"fas fa-chevron-up\"><\/i><\/div>\n\t\t\t\t\t<\/div>\n\t\t<div id=\"elementor-toc__efdaa57\" class=\"elementor-toc__body\">\n\t\t\t<div class=\"elementor-toc__spinner-container\">\n\t\t\t\t<i class=\"elementor-toc__spinner eicon-animation-spin eicon-loading\" aria-hidden=\"true\"><\/i>\t\t\t<\/div>\n\t\t<\/div>\n\t\t\t\t\t\t<\/div>\n\t\t\t\t<\/div>\n\t\t\t\t\t<\/div>\n\t\t<\/div>\n\t\t\t\t\t<\/div>\n\t\t<\/section>\n\t\t\t\t<\/div>\n\t\t","protected":false},"excerpt":{"rendered":"<p>Detalles del seminario Estado de la inscripci\u00f3n: AbiertaModalidad: Intensivo. Dictado h\u00edbrido (clases\u00a0presenciales y\/o virtuales sincr\u00f3nicas)Carga horaria: 50 horasFechas de inicio y fin: 17\/06\/2024 al 21\/06\/2024Horario: 9 a 12 hs. y 16 a 19 hs.Cupo de estudiantes: M\u00ednimo 12Destinatarios: Estudiantes de posgrado, investigadores\/as, profesionales y docentes universitarios\/as de distintas \u00e1reas disciplinarias con inter\u00e9s en la investigaci\u00f3n [&hellip;]<\/p>\n","protected":false},"author":2,"featured_media":0,"parent":0,"menu_order":0,"comment_status":"closed","ping_status":"closed","template":"","meta":{"footnotes":""},"class_list":["post-1601","page","type-page","status-publish","hentry"],"_links":{"self":[{"href":"https:\/\/ppas.unam.edu.ar\/index.php?rest_route=\/wp\/v2\/pages\/1601","targetHints":{"allow":["GET"]}}],"collection":[{"href":"https:\/\/ppas.unam.edu.ar\/index.php?rest_route=\/wp\/v2\/pages"}],"about":[{"href":"https:\/\/ppas.unam.edu.ar\/index.php?rest_route=\/wp\/v2\/types\/page"}],"author":[{"embeddable":true,"href":"https:\/\/ppas.unam.edu.ar\/index.php?rest_route=\/wp\/v2\/users\/2"}],"replies":[{"embeddable":true,"href":"https:\/\/ppas.unam.edu.ar\/index.php?rest_route=%2Fwp%2Fv2%2Fcomments&post=1601"}],"version-history":[{"count":64,"href":"https:\/\/ppas.unam.edu.ar\/index.php?rest_route=\/wp\/v2\/pages\/1601\/revisions"}],"predecessor-version":[{"id":1807,"href":"https:\/\/ppas.unam.edu.ar\/index.php?rest_route=\/wp\/v2\/pages\/1601\/revisions\/1807"}],"wp:attachment":[{"href":"https:\/\/ppas.unam.edu.ar\/index.php?rest_route=%2Fwp%2Fv2%2Fmedia&parent=1601"}],"curies":[{"name":"wp","href":"https:\/\/api.w.org\/{rel}","templated":true}]}}