{"id":26,"date":"2020-03-22T20:46:39","date_gmt":"2020-03-22T23:46:39","guid":{"rendered":"http:\/\/localhost\/ppas\/?page_id=26"},"modified":"2025-05-26T22:47:56","modified_gmt":"2025-05-27T01:47:56","slug":"profesores-invitados","status":"publish","type":"page","link":"https:\/\/ppas.unam.edu.ar\/?page_id=26","title":{"rendered":"Profesores Invitados"},"content":{"rendered":"\t\t<div data-elementor-type=\"wp-page\" data-elementor-id=\"26\" class=\"elementor elementor-26\" data-elementor-post-type=\"page\">\n\t\t\t\t\t\t<section class=\"elementor-section elementor-top-section elementor-element elementor-element-50386ce elementor-section-boxed elementor-section-height-default elementor-section-height-default\" data-id=\"50386ce\" data-element_type=\"section\">\n\t\t\t\t\t\t<div class=\"elementor-container elementor-column-gap-default\">\n\t\t\t\t\t<div class=\"elementor-column elementor-col-100 elementor-top-column elementor-element elementor-element-436284d\" data-id=\"436284d\" data-element_type=\"column\">\n\t\t\t<div class=\"elementor-widget-wrap elementor-element-populated\">\n\t\t\t\t\t\t<div class=\"elementor-element elementor-element-a8a87e0 elementor-widget elementor-widget-spacer\" data-id=\"a8a87e0\" data-element_type=\"widget\" data-widget_type=\"spacer.default\">\n\t\t\t\t<div class=\"elementor-widget-container\">\n\t\t\t\t\t\t\t<div class=\"elementor-spacer\">\n\t\t\t<div class=\"elementor-spacer-inner\"><\/div>\n\t\t<\/div>\n\t\t\t\t\t\t<\/div>\n\t\t\t\t<\/div>\n\t\t\t\t<div class=\"elementor-element elementor-element-73791f7 elementor-widget elementor-widget-heading\" data-id=\"73791f7\" data-element_type=\"widget\" data-widget_type=\"heading.default\">\n\t\t\t\t<div class=\"elementor-widget-container\">\n\t\t\t\t\t<h1 class=\"elementor-heading-title elementor-size-default\">Profesores Invitados<\/h1>\t\t\t\t<\/div>\n\t\t\t\t<\/div>\n\t\t\t\t<div class=\"elementor-element elementor-element-36481df elementor-widget elementor-widget-spacer\" data-id=\"36481df\" data-element_type=\"widget\" data-widget_type=\"spacer.default\">\n\t\t\t\t<div class=\"elementor-widget-container\">\n\t\t\t\t\t\t\t<div class=\"elementor-spacer\">\n\t\t\t<div class=\"elementor-spacer-inner\"><\/div>\n\t\t<\/div>\n\t\t\t\t\t\t<\/div>\n\t\t\t\t<\/div>\n\t\t\t\t\t<\/div>\n\t\t<\/div>\n\t\t\t\t\t<\/div>\n\t\t<\/section>\n\t\t\t\t<section class=\"elementor-section elementor-top-section elementor-element elementor-element-b407685 elementor-section-boxed elementor-section-height-default elementor-section-height-default\" data-id=\"b407685\" data-element_type=\"section\">\n\t\t\t\t\t\t<div class=\"elementor-container elementor-column-gap-default\">\n\t\t\t\t\t<div class=\"elementor-column elementor-col-33 elementor-top-column elementor-element elementor-element-d38fc73\" data-id=\"d38fc73\" data-element_type=\"column\">\n\t\t\t<div class=\"elementor-widget-wrap elementor-element-populated\">\n\t\t\t\t\t\t<div class=\"elementor-element elementor-element-c0d50f3 elementor-hidden-mobile elementor-toc--minimized-on-tablet elementor-widget elementor-widget-table-of-contents\" data-id=\"c0d50f3\" data-element_type=\"widget\" data-settings=\"{&quot;headings_by_tags&quot;:[&quot;h2&quot;],&quot;exclude_headings_by_selector&quot;:[],&quot;no_headings_message&quot;:&quot;No headings were found on this page.&quot;,&quot;sticky&quot;:&quot;top&quot;,&quot;sticky_offset&quot;:150,&quot;sticky_effects_offset&quot;:43,&quot;marker_view&quot;:&quot;numbers&quot;,&quot;minimize_box&quot;:&quot;yes&quot;,&quot;minimized_on&quot;:&quot;tablet&quot;,&quot;hierarchical_view&quot;:&quot;yes&quot;,&quot;min_height&quot;:{&quot;unit&quot;:&quot;px&quot;,&quot;size&quot;:&quot;&quot;,&quot;sizes&quot;:[]},&quot;min_height_tablet&quot;:{&quot;unit&quot;:&quot;px&quot;,&quot;size&quot;:&quot;&quot;,&quot;sizes&quot;:[]},&quot;min_height_mobile&quot;:{&quot;unit&quot;:&quot;px&quot;,&quot;size&quot;:&quot;&quot;,&quot;sizes&quot;:[]},&quot;sticky_on&quot;:[&quot;desktop&quot;,&quot;tablet&quot;,&quot;mobile&quot;],&quot;sticky_anchor_link_offset&quot;:0}\" data-widget_type=\"table-of-contents.default\">\n\t\t\t\t<div class=\"elementor-widget-container\">\n\t\t\t\t\t\t\t<div class=\"elementor-toc__header\">\n\t\t\t<h4 class=\"elementor-toc__header-title\">\n\t\t\t\tA\u00f1o\t\t\t<\/h4>\n\t\t\t\t\t\t\t<div class=\"elementor-toc__toggle-button elementor-toc__toggle-button--expand\" role=\"button\" tabindex=\"0\" aria-controls=\"elementor-toc__c0d50f3\" aria-expanded=\"true\" aria-label=\"Open table of contents\"><i aria-hidden=\"true\" class=\"fas fa-chevron-down\"><\/i><\/div>\n\t\t\t\t<div class=\"elementor-toc__toggle-button elementor-toc__toggle-button--collapse\" role=\"button\" tabindex=\"0\" aria-controls=\"elementor-toc__c0d50f3\" aria-expanded=\"true\" aria-label=\"Close table of contents\"><i aria-hidden=\"true\" class=\"fas fa-chevron-up\"><\/i><\/div>\n\t\t\t\t\t<\/div>\n\t\t<div id=\"elementor-toc__c0d50f3\" class=\"elementor-toc__body\">\n\t\t\t<div class=\"elementor-toc__spinner-container\">\n\t\t\t\t<i class=\"elementor-toc__spinner eicon-animation-spin eicon-loading\" aria-hidden=\"true\"><\/i>\t\t\t<\/div>\n\t\t<\/div>\n\t\t\t\t\t\t<\/div>\n\t\t\t\t<\/div>\n\t\t\t\t\t<\/div>\n\t\t<\/div>\n\t\t\t\t<div class=\"elementor-column elementor-col-66 elementor-top-column elementor-element elementor-element-3af6d74\" data-id=\"3af6d74\" data-element_type=\"column\">\n\t\t\t<div class=\"elementor-widget-wrap elementor-element-populated\">\n\t\t\t\t\t\t<div class=\"elementor-element elementor-element-600150e elementor-widget elementor-widget-text-editor\" data-id=\"600150e\" data-element_type=\"widget\" data-widget_type=\"text-editor.default\">\n\t\t\t\t<div class=\"elementor-widget-container\">\n\t\t\t\t\t\t\t\t\t<h2>2025<\/h2><p>Sergio Visacovsky (CIES-IDES\/IDAES-UNSAM\/CONICET)<\/p><p>Andrea Szulc (UBA\/CONICET)<\/p><p>Luisina Morano (FFyL-UBA)<\/p><p>Eduardo Apolinaire (UNLP\/CONICET)<\/p><p>Victoria Roca (IESyH-CONICET\/UNaM)<\/p><p>Paola Canova (University of Texas at Austin)<\/p><p>Patricia Fasano (UNER)<\/p><p>Gretel Schneider (INES-CONICET\/UNER)<\/p><p>Silvia Hirsch (IDAES-UNSAM)<\/p><h2>2024<\/h2><p>Lenin Pires (InEAC-UFF-Brasil)<\/p><p>Hern\u00e1n Palermo (CEIL-CONICET\/UBA)<\/p><p>Juan Dukuen (IPEHCS-UNComa\/CONICET)<\/p><p>Mariana Giordano (IIGHI-CONICET\/UNNE)<\/p><p>Eva Muzzopappa (UNRN\/CONICET)<\/p><p>Marcelo Rossal (UDELAR-Uruguay)<\/p><h2>2023<\/h2><p>Ana Mar\u00eda Murgida (ICA-UBA)<\/p><p>Carolina Gandulfo (UNNE)<\/p><p>G\u00f6z Kaufmann (University of Freiburg-Alemania)<\/p><h2><strong>2022<\/strong><\/h2><p>Joachim Steffen (University of Augsburg-Alemania)<\/p><p>Gustavo Bl\u00e1zquez (IDH-UNC\/CONICET) y Cecilia Castro (IDH-UNC\/CONICET).<\/p><p>Silvia Citro (EACYP-UBA\/CONICET) y equipo: Adil Podhajcer (UBA-UNADAV\/CONICET), Mar\u00eda Luz Roa (EACYP-UBA\/CONICET) y Manuela Rodr\u00edguez (EACYP-UBA\/CONICET).<\/p><p>Miguel Guti\u00e9rrez Mat\u00e9 (University of Augusburg-Alemania).<\/p><h2><strong>2021<\/strong><\/h2><p>Jos\u00e9 Garriga Zucal (EIDAES-UNSAM\/CONICET, Argentina).<\/p><p>Omar Arach (Universidad Nacional de la Patagonia Austral\/ Universidad Nacional de C\u00f3rdoba, Argentina).<\/p><p>Sergio Visacovsky (IDES- CONICET, Argentina).<\/p><p>Diego Escolar (IANIGLA- Universidad Nacional de Cuyo- CONICET, Argentina).<\/p><h2><strong>2020<\/strong><\/h2><p>Laura Zapata (Universidad Nacional de Jos\u00e9 C. Paz- CAS-IDES, Argentina).<\/p><p>Diana Milstein (CIS, IDES-CONICET, Argentina).<\/p><p>Mariana Urquijo Reguera (UCM-UCAMI, Argentina).<\/p><h2><strong>2019<\/strong><\/h2><p>Leonardo Cerno (IESyH-CONICET\/UNaM, Argentina).<\/p><p>Ana L\u00facia Pastore Schritzmeyer (FFLCH- USP, Brasil)<\/p><p>Ana Ramos (Universidad Nacional de Rio Negro- CONICET, Argentina).<\/p><p>Tristan Platt (St. Andrews University, Gran Breta\u00f1a)<\/p><h2><strong>2018<\/strong><\/h2><p>Fernando Rabossi (Universidade Federal do Rio de Janeiro, Brasil).<\/p><p>Florencia Tola (Universidad de Buenos Aires\/CONICET, Argentina).<\/p><h2><strong>2017<\/strong><\/h2><p>Alejandro Balazote (Universidad de Buenos Aires, Argentina)<\/p><h2><strong>2016<\/strong><\/h2><p>Ignacio Telesca (Universidad Nacional de Formosa\/CONICET, Argentina).<\/p><p>Susana Margulies (Universidad de Buenos Aires, Argentina).<\/p><h2><strong>2015<\/strong><\/h2><p>Mabel Grimberg (Universidad de Buenos Aires\/CONICET, Argentina).<\/p><p>Luiz Fernando Dias Duarte (Universidade Federal do Rio de Janeiro, Brasil).<\/p><p>Pablo Alabarces (Instituto de Investigaci\u00f3n Gino Germani- UBA- CONICET, Argentina).<\/p><h2><strong>2014<\/strong><\/h2><p>Hebe Vessuri (Universidad Nacional Aut\u00f3noma de M\u00e9xico).<\/p><p>Ana Paula Mendes de Miranda (Programa de P\u00f3s-Gradua\u00e7\u00e3o em Antropologia- Universidade Federal Fluminense, Brasil).<\/p><h2><strong>2013<\/strong><\/h2><p>Guillermo Wilde (Universidad Nacional de San Mart\u00edn\/CONICET, Argentina).<\/p><p>Arno Vogel (FLACSO-Facultad Latinoamericana de Ciencias Sociales, Brasil).<\/p><p>Alejandro Benedetti (Universidad de Buenos Aires- CONICET, Argentina).<\/p><p>V\u00edctor Rau (IESyH-CONICET\/UNaM, Argentina).<\/p><p>Guillermo Ruben (Universidade Estadual de Campinas, Brasil).<\/p><h2><strong>2012<\/strong><\/h2><p>Susana Ram\u00edrez Hita (Universidad Andina Sim\u00f3n Bol\u00edvar, Bolivia\/ Universidad Rovira i Virgili, Espa\u00f1a).<\/p><p>Eliane Cantarino O`Dwyer (Programa de P\u00f3s-Gradua\u00e7\u00e3o em Antropologia-Universidade Federal Fluminense\/Programa de P\u00f3s-Gradua\u00e7\u00e3o em Antropologia-Universidade Federal do Par\u00e1, Brasil).<\/p><p>Victoria Basualdo (FLACSO-Facultad Latinoamericana de Ciencias Sociales\/CONICET, Argentina).<\/p><p>Carlos Salamanca (Universidad de Buenos Aires- CONICET, Argentina ).<\/p><p>Arno Vogel (FLACSO-Facultad Latinoamericana de Ciencias Sociales, Brasil).<\/p><h2><strong>2011<\/strong><\/h2><p>Karin Skill (Link\u00f6ping University, Suecia).<\/p><p>Mar\u00eda Cristina Cravino (CIETES- Universidad Nacional de R\u00edo Negro- CONICET, Argentina).<\/p><p>Delma Pessanha Neves (PPGA-Programa de P\u00f3s-Gradua\u00e7\u00e3o em Antropologia-Universidade Federal Fluminense, Brasil).<\/p><p>Santiago \u00c1lvarez (Universidad Nacional Arturo Jauretche, Argentina).<\/p><h2><strong>2010<\/strong><\/h2><p>Guillermo Wilde (Universidad Nacional de San Mart\u00edn- CONICET, Argentina).<\/p><p>Susana Ram\u00edrez Hita (Universidad Andina Sim\u00f3n Bol\u00edvar, Bolivia\u2013\/ Universidad Rovira i Virgili, Espa\u00f1a).<\/p><p>Diana Milstein (CIS-IDES- CONICET, Argentina).<\/p><p>Arno Vogel (FLACSO-Facultad Latinoamericana de Ciencias Sociales, Brasil).<\/p><p>Mabel Grimberg (Universidad de Buenos Aires- CONICET).<\/p><p>Karin Skill (Link\u00f6ping University, Suecia).<\/p><h2><strong>2009<\/strong><\/h2><p>Leticia Barrera (IDAES -Universidad Nacional de San Mart\u00edn).<\/p><p>Mabel Grimberg (Universidad de Buenos Aires\/CONICET).<\/p><p>Diana Milstein (CIS-IDES- CONICET, Argentina).<\/p><p>Laura Graziela Figueiredo Fernandes Gomes (UFF-Universidade Federal Fluminense, Brasil).<\/p><p>Arno Vogel (FLACSO-Facultad Latinoamericana de Ciencias Sociales, Brasil).<\/p><h2><strong>2008<\/strong><\/h2><p>Susana Ram\u00edrez Hita (Universidad Andina Sim\u00f3n Bol\u00edvar\u2013 UASB\/ Universidad Rovira i Virgili).<\/p><p>Omar Arach (UNPA- Universidad Nacional de la Patagonia Austral, UNC- Universidad Nacional de C\u00f3rdoba).<\/p><p>Arno Vogel (FLACSO-Facultad Latinoamericana de Ciencias Sociales, Brasil).<\/p><h2><strong>2007<\/strong><\/h2><p>Carlos Reynoso (UBA- Universidad de Buenos Aires, Argentina).<\/p><p>Delma Pessanha Neves (PPGA-Programa de P\u00f3s-Gradua\u00e7\u00e3o em Antropologia; UFF-Universidade Federal Fluminense, Brasil).<\/p><p>Arno Vogel (FLACSO-Facultad Latinoamericana de Ciencias Sociales, Brasil).<\/p><p>Ana Pratesi (Universidad Nacional del Nordeste- UNNE, Argentina).<\/p><h2><strong>2006<\/strong><\/h2><p>Germ\u00e1n Freire (Banco Mundial).<\/p><p>Diana Milstein (CIS-IDES- CONICET, Argentina).<\/p><p>Susana Ram\u00edrez Hita (Universidad Andina Sim\u00f3n Bol\u00edvar\u2013 UASB\/ Universidad Rovira i Virgili).<\/p><p>Carlos Reynoso (UBA- Universidad de Buenos Aires, Argentina).<\/p><h2><strong>2005<\/strong><\/h2><p>Ana Rosato (UBA- Universidad de Buenos Aires, Argentina).<\/p><p>Carlos Reynoso (UBA- Universidad de Buenos Aires, Argentina).<\/p><p>Susana Ram\u00edrez Hita (Universidad Andina Sim\u00f3n Bol\u00edvar\u2013 UASB\/ Universidad Rovira i Virgili).<\/p><p>Jorge Pr\u00f3spero Roze (UNNE- CONICET, Argentina). \u271d<\/p><p>Arno Vogel (FLACSO-Facultad Latinoamericana de Ciencias Sociales, Brasil).<\/p><h2><strong>2004<\/strong><\/h2><p>Rosario Otegui Pascual (Universidad Complutense de Madrid)<\/p><p>Ana Mar\u00eda Rivas Rivas (Universidad Complutense de Madrid).<\/p><p>Marcio D&#8217;Olne Campos (Universidade Estadual de Campinas, Brasil).<\/p><p>D\u00e9bora Betrisey (Universidad Complutense de Madrid).<\/p><p>Claudia Briones (Universidad Nacional de R\u00edo Negro\/Instituto de Investigaciones en Diversidad Cultural y Procesos de Cambio-CONICET, Argentina).<\/p><h2><strong>2003<\/strong><\/h2><p>Claudio Antonioli (Universidad Nacional de Lan\u00fas, Argentina).<\/p><p>Sergio Visacovsky (IDES\/ CONICET, Argentina).<\/p><p>Santiago \u00c1lvarez (Universidad Nacional de San Mart\u00edn, Argentina).<\/p><p>Carlos Gonz\u00e1lez Villar (UNaM-FHyCS).<\/p><h2><strong>2002<\/strong><\/h2><p>Guillermo Ruben (Universidade Estadual de Campinas, Brasil).<\/p><p>Gilles Rivi\u00e8re (\u00c9cole des Hautes \u00c9tudes en Sciences Sociales- EHESS\/Centre de Recherches sur les Mondes Am\u00e9ricains, Francia).<\/p><p>Arno Vogel (FLACSO-Facultad Latinoamericana de Ciencias Sociales, Brasil).<\/p><h2><strong>2001<\/strong><\/h2><p>Ruben George Oliven (Universidade Federal do Rio Grande do Sul, Brasil)<\/p><p>Judith N. Freidenberg (University of Maryland, Estados Unidos\/Centro de Investigaciones Sociales-CIS-, Argentina).<\/p><p>Arno Vogel\u00a0 (FLACSO-Facultad Latinoamericana de Ciencias Sociales, Brasil).<\/p><h2><strong>2000<\/strong><\/h2><p>Gustavo Lins Ribeiro\u00a0 (UAM- Universidad Aut\u00f3noma Metropolitana, M\u00e9xico).<\/p><p>Arno Vogel (FLACSO-Facultad Latinoamericana de Ciencias Sociales, Brasil).<\/p><p>Beatriz Mar\u00eda Alasia de Heredia (UFRJ-Universidade Federal do Rio de Janeiro, Brasil). \u271d<\/p><p>Guillermo Ruben (UNICAMP- Universidade Estadual de Campinas, Brasil).<\/p><h2><strong>1999<\/strong><\/h2><p>Carlos Herr\u00e1n (UBA\/CONICET, Argentina) \u271d<\/p><p>Guillermo Ruben (UNICAMP- Universidade Estadual de Campinas, Brasil).<\/p><h2><strong>1998<\/strong><\/h2><p>Jorge Pr\u00f3spero Roze (UNNE\/CONICET, Argentina). \u271d<\/p><p>Ot\u00e1vio Guilherme Cardoso Alves Velho (UFRJ-Universidade Federal do Rio de Janeiro, Brasil).<\/p><p>Alejandro Isla (Universidad Nacional de R\u00edo Negro\/ FLACSO-CONICET). \u271d<\/p><p>Enrique Mart\u00ednez (UNaM- FHyCS, Argentina). \u271d<\/p><p>Fernando D\u00edaz Orueta (Universidad Nacional de La Rioja, Espa\u00f1a).<\/p><h2><strong>1997<\/strong><\/h2><p>Enrique Mart\u00ednez (UNaM- FHyCS, Argentina). \u271d<\/p><p>Eduardo Archetti (Universidad de Oslo, Noruega). \u271d<\/p><p>Eduardo L. Men\u00e9ndez (CIESAS- Centro de Investigaciones y Estudios en Antropolog\u00eda Social, M\u00e9xico).<\/p><h2><strong>1996<\/strong><\/h2><p>Arno Vogel (FLACSO-Facultad Latinoamericana de Ciencias Sociales, Brasil).<\/p><p>Alicia Barabas (INAH- Instituto Nacional de Antropolog\u00eda e Historia, M\u00e9xico).<\/p><p>Miguel Bartolom\u00e9 (INAH- Instituto Nacional de Antropolog\u00eda e Historia, M\u00e9xico).<\/p><p>Jorge Pr\u00f3spero Roze (UNNE- CONICET, Argentina). \u271d<\/p><h2><strong>1995<\/strong><\/h2><p>Enrique Mart\u00ednez (UNaM- FHyCS, Argentina). \u271d<\/p><p>Guillermo Ruben (UNICAMP- Universidade Estadual de Campinas, Brasil).<\/p><p>Gustavo Lins Ribeiro (UAM- Universidad Aut\u00f3noma Metropolitana, M\u00e9xico).<\/p><p>Roberto Cardoso de Oliveira (UNICAMP- Universidade Estadual de Campinas, Brasil). \u271d<\/p>\t\t\t\t\t\t\t\t<\/div>\n\t\t\t\t<\/div>\n\t\t\t\t\t<\/div>\n\t\t<\/div>\n\t\t\t\t\t<\/div>\n\t\t<\/section>\n\t\t\t\t<section class=\"elementor-section elementor-top-section elementor-element elementor-element-f54be1f elementor-section-boxed elementor-section-height-default elementor-section-height-default\" data-id=\"f54be1f\" data-element_type=\"section\">\n\t\t\t\t\t\t<div class=\"elementor-container elementor-column-gap-default\">\n\t\t\t\t\t<div class=\"elementor-column elementor-col-100 elementor-top-column elementor-element elementor-element-d709008\" data-id=\"d709008\" data-element_type=\"column\">\n\t\t\t<div class=\"elementor-widget-wrap elementor-element-populated\">\n\t\t\t\t\t\t<div class=\"elementor-element elementor-element-125c395 elementor-widget elementor-widget-spacer\" data-id=\"125c395\" data-element_type=\"widget\" data-widget_type=\"spacer.default\">\n\t\t\t\t<div class=\"elementor-widget-container\">\n\t\t\t\t\t\t\t<div class=\"elementor-spacer\">\n\t\t\t<div class=\"elementor-spacer-inner\"><\/div>\n\t\t<\/div>\n\t\t\t\t\t\t<\/div>\n\t\t\t\t<\/div>\n\t\t\t\t\t<\/div>\n\t\t<\/div>\n\t\t\t\t\t<\/div>\n\t\t<\/section>\n\t\t\t\t<\/div>\n\t\t","protected":false},"excerpt":{"rendered":"<p>Profesores Invitados A\u00f1o 2025 Sergio Visacovsky (CIES-IDES\/IDAES-UNSAM\/CONICET) Andrea Szulc (UBA\/CONICET) Luisina Morano (FFyL-UBA) Eduardo Apolinaire (UNLP\/CONICET) Victoria Roca (IESyH-CONICET\/UNaM) Paola Canova (University of Texas at Austin) Patricia Fasano (UNER) Gretel Schneider (INES-CONICET\/UNER) Silvia Hirsch (IDAES-UNSAM) 2024 Lenin Pires (InEAC-UFF-Brasil) Hern\u00e1n Palermo (CEIL-CONICET\/UBA) Juan Dukuen (IPEHCS-UNComa\/CONICET) Mariana Giordano (IIGHI-CONICET\/UNNE) Eva Muzzopappa (UNRN\/CONICET) Marcelo Rossal (UDELAR-Uruguay) 2023 [&hellip;]<\/p>\n","protected":false},"author":4,"featured_media":0,"parent":0,"menu_order":0,"comment_status":"closed","ping_status":"closed","template":"","meta":{"footnotes":""},"class_list":["post-26","page","type-page","status-publish","hentry"],"_links":{"self":[{"href":"https:\/\/ppas.unam.edu.ar\/index.php?rest_route=\/wp\/v2\/pages\/26","targetHints":{"allow":["GET"]}}],"collection":[{"href":"https:\/\/ppas.unam.edu.ar\/index.php?rest_route=\/wp\/v2\/pages"}],"about":[{"href":"https:\/\/ppas.unam.edu.ar\/index.php?rest_route=\/wp\/v2\/types\/page"}],"author":[{"embeddable":true,"href":"https:\/\/ppas.unam.edu.ar\/index.php?rest_route=\/wp\/v2\/users\/4"}],"replies":[{"embeddable":true,"href":"https:\/\/ppas.unam.edu.ar\/index.php?rest_route=%2Fwp%2Fv2%2Fcomments&post=26"}],"version-history":[{"count":52,"href":"https:\/\/ppas.unam.edu.ar\/index.php?rest_route=\/wp\/v2\/pages\/26\/revisions"}],"predecessor-version":[{"id":2622,"href":"https:\/\/ppas.unam.edu.ar\/index.php?rest_route=\/wp\/v2\/pages\/26\/revisions\/2622"}],"wp:attachment":[{"href":"https:\/\/ppas.unam.edu.ar\/index.php?rest_route=%2Fwp%2Fv2%2Fmedia&parent=26"}],"curies":[{"name":"wp","href":"https:\/\/api.w.org\/{rel}","templated":true}]}}