{"id":3020,"date":"2026-03-02T19:40:15","date_gmt":"2026-03-02T22:40:15","guid":{"rendered":"https:\/\/ppas.unam.edu.ar\/?page_id=3020"},"modified":"2026-04-14T10:08:17","modified_gmt":"2026-04-14T13:08:17","slug":"para-una-antropologia-del-poder-simbolico-en-practicas-corporales-y-discursivas","status":"publish","type":"page","link":"https:\/\/ppas.unam.edu.ar\/?page_id=3020","title":{"rendered":"Para una antropolog\u00eda del poder simb\u00f3lico en pr\u00e1cticas corporales y discursivas"},"content":{"rendered":"\t\t<div data-elementor-type=\"wp-page\" data-elementor-id=\"3020\" class=\"elementor elementor-3020\" data-elementor-post-type=\"page\">\n\t\t\t\t\t\t<section class=\"elementor-section elementor-top-section elementor-element elementor-element-63ce8f73 elementor-section-boxed elementor-section-height-default elementor-section-height-default\" data-id=\"63ce8f73\" data-element_type=\"section\">\n\t\t\t\t\t\t<div class=\"elementor-container elementor-column-gap-default\">\n\t\t\t\t\t<div class=\"elementor-column elementor-col-100 elementor-top-column elementor-element elementor-element-149c4cf3\" data-id=\"149c4cf3\" data-element_type=\"column\">\n\t\t\t<div class=\"elementor-widget-wrap elementor-element-populated\">\n\t\t\t\t\t\t<div class=\"elementor-element elementor-element-690d3190 elementor-widget elementor-widget-image\" data-id=\"690d3190\" data-element_type=\"widget\" data-widget_type=\"image.default\">\n\t\t\t\t<div class=\"elementor-widget-container\">\n\t\t\t\t\t\t\t\t\t\t\t\t\t\t\t<img fetchpriority=\"high\" decoding=\"async\" width=\"1921\" height=\"1081\" src=\"https:\/\/ppas.unam.edu.ar\/wp-content\/uploads\/2026\/03\/Dukuen_3-3.jpg\" class=\"attachment-full size-full wp-image-3106\" alt=\"\" srcset=\"https:\/\/ppas.unam.edu.ar\/wp-content\/uploads\/2026\/03\/Dukuen_3-3.jpg 1921w, https:\/\/ppas.unam.edu.ar\/wp-content\/uploads\/2026\/03\/Dukuen_3-3-300x169.jpg 300w, https:\/\/ppas.unam.edu.ar\/wp-content\/uploads\/2026\/03\/Dukuen_3-3-1024x576.jpg 1024w, https:\/\/ppas.unam.edu.ar\/wp-content\/uploads\/2026\/03\/Dukuen_3-3-768x432.jpg 768w, https:\/\/ppas.unam.edu.ar\/wp-content\/uploads\/2026\/03\/Dukuen_3-3-1536x864.jpg 1536w\" sizes=\"(max-width: 1921px) 100vw, 1921px\" \/>\t\t\t\t\t\t\t\t\t\t\t\t\t\t\t<\/div>\n\t\t\t\t<\/div>\n\t\t\t\t\t<\/div>\n\t\t<\/div>\n\t\t\t\t\t<\/div>\n\t\t<\/section>\n\t\t\t\t<section class=\"elementor-section elementor-top-section elementor-element elementor-element-4e9ba819 elementor-section-boxed elementor-section-height-default elementor-section-height-default\" data-id=\"4e9ba819\" data-element_type=\"section\">\n\t\t\t\t\t\t<div class=\"elementor-container elementor-column-gap-default\">\n\t\t\t\t\t<div class=\"elementor-column elementor-col-33 elementor-top-column elementor-element elementor-element-a1e1f82\" data-id=\"a1e1f82\" data-element_type=\"column\">\n\t\t\t<div class=\"elementor-widget-wrap elementor-element-populated\">\n\t\t\t\t\t\t<div class=\"elementor-element elementor-element-4fbc18f4 elementor-hidden-mobile elementor-toc--minimized-on-tablet elementor-widget elementor-widget-table-of-contents\" data-id=\"4fbc18f4\" data-element_type=\"widget\" data-settings=\"{&quot;exclude_headings_by_selector&quot;:[],&quot;no_headings_message&quot;:&quot;No headings were found on this page.&quot;,&quot;sticky&quot;:&quot;top&quot;,&quot;sticky_offset&quot;:150,&quot;headings_by_tags&quot;:[&quot;h2&quot;,&quot;h3&quot;,&quot;h4&quot;,&quot;h5&quot;,&quot;h6&quot;],&quot;marker_view&quot;:&quot;numbers&quot;,&quot;minimize_box&quot;:&quot;yes&quot;,&quot;minimized_on&quot;:&quot;tablet&quot;,&quot;hierarchical_view&quot;:&quot;yes&quot;,&quot;min_height&quot;:{&quot;unit&quot;:&quot;px&quot;,&quot;size&quot;:&quot;&quot;,&quot;sizes&quot;:[]},&quot;min_height_tablet&quot;:{&quot;unit&quot;:&quot;px&quot;,&quot;size&quot;:&quot;&quot;,&quot;sizes&quot;:[]},&quot;min_height_mobile&quot;:{&quot;unit&quot;:&quot;px&quot;,&quot;size&quot;:&quot;&quot;,&quot;sizes&quot;:[]},&quot;sticky_on&quot;:[&quot;desktop&quot;,&quot;tablet&quot;,&quot;mobile&quot;],&quot;sticky_effects_offset&quot;:0,&quot;sticky_anchor_link_offset&quot;:0}\" data-widget_type=\"table-of-contents.default\">\n\t\t\t\t<div class=\"elementor-widget-container\">\n\t\t\t\t\t\t\t<div class=\"elementor-toc__header\">\n\t\t\t<h4 class=\"elementor-toc__header-title\">\n\t\t\t\tMen\u00fa\t\t\t<\/h4>\n\t\t\t\t\t\t\t<div class=\"elementor-toc__toggle-button elementor-toc__toggle-button--expand\" role=\"button\" tabindex=\"0\" aria-controls=\"elementor-toc__4fbc18f4\" aria-expanded=\"true\" aria-label=\"Open table of contents\"><i aria-hidden=\"true\" class=\"fas fa-chevron-down\"><\/i><\/div>\n\t\t\t\t<div class=\"elementor-toc__toggle-button elementor-toc__toggle-button--collapse\" role=\"button\" tabindex=\"0\" aria-controls=\"elementor-toc__4fbc18f4\" aria-expanded=\"true\" aria-label=\"Close table of contents\"><i aria-hidden=\"true\" class=\"fas fa-chevron-up\"><\/i><\/div>\n\t\t\t\t\t<\/div>\n\t\t<div id=\"elementor-toc__4fbc18f4\" class=\"elementor-toc__body\">\n\t\t\t<div class=\"elementor-toc__spinner-container\">\n\t\t\t\t<i class=\"elementor-toc__spinner eicon-animation-spin eicon-loading\" aria-hidden=\"true\"><\/i>\t\t\t<\/div>\n\t\t<\/div>\n\t\t\t\t\t\t<\/div>\n\t\t\t\t<\/div>\n\t\t\t\t\t<\/div>\n\t\t<\/div>\n\t\t\t\t<div class=\"elementor-column elementor-col-66 elementor-top-column elementor-element elementor-element-520236c7\" data-id=\"520236c7\" data-element_type=\"column\">\n\t\t\t<div class=\"elementor-widget-wrap elementor-element-populated\">\n\t\t\t\t\t\t<div class=\"elementor-element elementor-element-42bae5d7 elementor-widget elementor-widget-heading\" data-id=\"42bae5d7\" data-element_type=\"widget\" data-widget_type=\"heading.default\">\n\t\t\t\t<div class=\"elementor-widget-container\">\n\t\t\t\t\t<h2 class=\"elementor-heading-title elementor-size-default\">Detalles del seminario<\/h2>\t\t\t\t<\/div>\n\t\t\t\t<\/div>\n\t\t\t\t<div class=\"elementor-element elementor-element-52df7601 elementor-widget elementor-widget-text-editor\" data-id=\"52df7601\" data-element_type=\"widget\" data-widget_type=\"text-editor.default\">\n\t\t\t\t<div class=\"elementor-widget-container\">\n\t\t\t\t\t\t\t\t\t<p><strong>Estado de la inscripci\u00f3n: <\/strong>Abierta<\/p><p><strong>Modalidad: <\/strong>Dictado virtual<\/p><p><strong>Carga horaria: <\/strong>50 horas<\/p><p><strong>Fechas de inicio y fin: <\/strong>lunes, desde el 20 de abril hasta el 13 de julio<\/p><p><strong>Horario:<\/strong> 16 a 19 hs.<\/p><p><strong>Cupo de estudiantes: <\/strong>M\u00ednimo 12<\/p><p><strong>Destinatarios: <\/strong>Estudiantes de posgrado, investigadores\/as, profesionales y docentes universitarios\/as y terciarios de distintas \u00e1reas disciplinarias con inter\u00e9s en la investigaci\u00f3n social.<\/p><p><strong>Requisitos de admisi\u00f3n: <\/strong>Poseer un t\u00edtulo universitario o de nivel terciario de al menos cuatro a\u00f1os de duraci\u00f3n.<\/p>\t\t\t\t\t\t\t\t<\/div>\n\t\t\t\t<\/div>\n\t\t\t\t<div class=\"elementor-element elementor-element-61f9df0c elementor-widget-divider--view-line elementor-widget elementor-widget-divider\" data-id=\"61f9df0c\" data-element_type=\"widget\" data-widget_type=\"divider.default\">\n\t\t\t\t<div class=\"elementor-widget-container\">\n\t\t\t\t\t\t\t<div class=\"elementor-divider\">\n\t\t\t<span class=\"elementor-divider-separator\">\n\t\t\t\t\t\t<\/span>\n\t\t<\/div>\n\t\t\t\t\t\t<\/div>\n\t\t\t\t<\/div>\n\t\t\t\t<div class=\"elementor-element elementor-element-12b9a005 elementor-widget elementor-widget-text-editor\" data-id=\"12b9a005\" data-element_type=\"widget\" data-widget_type=\"text-editor.default\">\n\t\t\t\t<div class=\"elementor-widget-container\">\n\t\t\t\t\t\t\t\t\t<p><strong>Docente a cargo<\/strong>: <span style=\"text-decoration: underline;\"><a href=\"https:\/\/ppas.unam.edu.ar\/?page_id=3017\" target=\"_blank\" rel=\"noopener\"><b>Dr. Juan Dukuen<\/b><\/a><\/span><\/p>\t\t\t\t\t\t\t\t<\/div>\n\t\t\t\t<\/div>\n\t\t\t\t<div class=\"elementor-element elementor-element-4184b85b elementor-widget-divider--view-line elementor-widget elementor-widget-divider\" data-id=\"4184b85b\" data-element_type=\"widget\" data-widget_type=\"divider.default\">\n\t\t\t\t<div class=\"elementor-widget-container\">\n\t\t\t\t\t\t\t<div class=\"elementor-divider\">\n\t\t\t<span class=\"elementor-divider-separator\">\n\t\t\t\t\t\t<\/span>\n\t\t<\/div>\n\t\t\t\t\t\t<\/div>\n\t\t\t\t<\/div>\n\t\t\t\t<div class=\"elementor-element elementor-element-38966923 elementor-widget elementor-widget-heading\" data-id=\"38966923\" data-element_type=\"widget\" data-widget_type=\"heading.default\">\n\t\t\t\t<div class=\"elementor-widget-container\">\n\t\t\t\t\t<h2 class=\"elementor-heading-title elementor-size-default\">Resumen del curso<\/h2>\t\t\t\t<\/div>\n\t\t\t\t<\/div>\n\t\t\t\t<div class=\"elementor-element elementor-element-102c366d elementor-widget elementor-widget-text-editor\" data-id=\"102c366d\" data-element_type=\"widget\" data-widget_type=\"text-editor.default\">\n\t\t\t\t<div class=\"elementor-widget-container\">\n\t\t\t\t\t\t\t\t\t<p style=\"text-align: justify;\">El curso propone tomar la perspectiva antropol\u00f3gica sobre el poder simb\u00f3lico y la dominaci\u00f3n desarrollada por P. Bourdieu y ponerla en di\u00e1logo con investigaciones contempor\u00e1neas que analizan la (re)producci\u00f3n del poder y la dominaci\u00f3n en pr\u00e1cticas corporales y discursivas. Para ello se comienza analizando el enfoque propuesto por P. Bourdieu, se lo pone en di\u00e1logo con estudios y debates cl\u00e1sicos, para profundizar en una lectura cr\u00edtica. Luego se analiza la puesta en juego de este enfoque en investigaciones contempor\u00e1neas sobre pr\u00e1cticas corporales y discursivas. Se abordan estudios sobre el poder y la dominaci\u00f3n en su dimensi\u00f3n discursiva, y mediante investigaciones emp\u00edricas sobre lenguaje y poder simb\u00f3lico, se propicia la adquisici\u00f3n de herramientas te\u00f3rico-metodol\u00f3gicas para su an\u00e1lisis. Para finalizar, se profundiza en investigaciones sociol\u00f3gicas sobre poder simb\u00f3lico y dominaci\u00f3n en diversas pr\u00e1cticas (deportivas, escolares y de socializaci\u00f3n moral) ligadas a la producci\u00f3n de corporalidades, desigualdades y alteridades, para adquirir herramientas te\u00f3rico-metodol\u00f3gicas para su estudio.<\/p>\t\t\t\t\t\t\t\t<\/div>\n\t\t\t\t<\/div>\n\t\t\t\t<div class=\"elementor-element elementor-element-4c911a29 elementor-widget elementor-widget-heading\" data-id=\"4c911a29\" data-element_type=\"widget\" data-widget_type=\"heading.default\">\n\t\t\t\t<div class=\"elementor-widget-container\">\n\t\t\t\t\t<h2 class=\"elementor-heading-title elementor-size-default\">Objetivo General y Modalidad de clases<\/h2>\t\t\t\t<\/div>\n\t\t\t\t<\/div>\n\t\t\t\t<div class=\"elementor-element elementor-element-384ee3c7 elementor-widget elementor-widget-text-editor\" data-id=\"384ee3c7\" data-element_type=\"widget\" data-widget_type=\"text-editor.default\">\n\t\t\t\t<div class=\"elementor-widget-container\">\n\t\t\t\t\t\t\t\t\t<p><strong>Objetivo general:<\/strong><\/p><ul><li>Contribuir al estudio sobre el poder y la dominaci\u00f3n social mediante an\u00e1lisis antropol\u00f3gicos de pr\u00e1cticas corporales y discursivas<\/li><\/ul><p>\u00a0<\/p><p><strong>Objetivos espec\u00edficos:<\/strong><\/p><ul><li>Analizar cr\u00edticamente la g\u00e9nesis y estructura de las teor\u00edas de la pr\u00e1ctica, del poder y la dominaci\u00f3n simb\u00f3lica de P. Bourdieu, con especial atenci\u00f3n en sus investigaciones antropol\u00f3gicas.<\/li><li>Poner en di\u00e1logo el enfoque de Bourdieu con otras perspectivas contempor\u00e1neas, para adquirir herramientas te\u00f3rico-metodol\u00f3gicas que permitan abordar las expresiones discursivas del poder simb\u00f3lico.<\/li><li>Profundizar en investigaciones sociol\u00f3gicas sobre poder simb\u00f3lico y dominaci\u00f3n en diversas pr\u00e1cticas corporales ligadas a la (re)producci\u00f3n de desigualdades y alteridades, para aprehender herramientas te\u00f3rico-metodol\u00f3gicas que enriquezcan su estudio.<\/li><\/ul>\t\t\t\t\t\t\t\t<\/div>\n\t\t\t\t<\/div>\n\t\t\t\t<div class=\"elementor-element elementor-element-5bdf03de elementor-widget elementor-widget-heading\" data-id=\"5bdf03de\" data-element_type=\"widget\" data-widget_type=\"heading.default\">\n\t\t\t\t<div class=\"elementor-widget-container\">\n\t\t\t\t\t<h2 class=\"elementor-heading-title elementor-size-default\">Regularidad y condiciones de aprobaci\u00f3n<\/h2>\t\t\t\t<\/div>\n\t\t\t\t<\/div>\n\t\t\t\t<div class=\"elementor-element elementor-element-37d99bac elementor-widget elementor-widget-text-editor\" data-id=\"37d99bac\" data-element_type=\"widget\" data-widget_type=\"text-editor.default\">\n\t\t\t\t<div class=\"elementor-widget-container\">\n\t\t\t\t\t\t\t\t\t<p style=\"text-align: justify;\">El seminario se aprobar\u00e1 mediante el 75% de asistencia a clase y la calificaci\u00f3n con 7 (siete sobre diez) de una monograf\u00eda final que profundice y\/o ampli\u00e9 las problem\u00e1ticas abordadas en relaci\u00f3n con las tem\u00e1ticas propuestas en las investigaciones llevadas adelante por lxs estudiantes. Cantidad de p\u00e1ginas: 20 max., interlineado 1\/2. Times New Roman 12. Criterio de citaci\u00f3n: APA 7ma edici\u00f3n.<\/p>\t\t\t\t\t\t\t\t<\/div>\n\t\t\t\t<\/div>\n\t\t\t\t<div class=\"elementor-element elementor-element-153222fc elementor-widget-divider--view-line elementor-widget elementor-widget-divider\" data-id=\"153222fc\" data-element_type=\"widget\" data-widget_type=\"divider.default\">\n\t\t\t\t<div class=\"elementor-widget-container\">\n\t\t\t\t\t\t\t<div class=\"elementor-divider\">\n\t\t\t<span class=\"elementor-divider-separator\">\n\t\t\t\t\t\t<\/span>\n\t\t<\/div>\n\t\t\t\t\t\t<\/div>\n\t\t\t\t<\/div>\n\t\t\t\t<div class=\"elementor-element elementor-element-256aabc3 elementor-widget elementor-widget-heading\" data-id=\"256aabc3\" data-element_type=\"widget\" data-widget_type=\"heading.default\">\n\t\t\t\t<div class=\"elementor-widget-container\">\n\t\t\t\t\t<h2 class=\"elementor-heading-title elementor-size-default\">Unidades tem\u00e1ticas - M\u00f3dulos<\/h2>\t\t\t\t<\/div>\n\t\t\t\t<\/div>\n\t\t\t\t<div class=\"elementor-element elementor-element-a1c7c8 elementor-widget elementor-widget-text-editor\" data-id=\"a1c7c8\" data-element_type=\"widget\" data-widget_type=\"text-editor.default\">\n\t\t\t\t<div class=\"elementor-widget-container\">\n\t\t\t\t\t\t\t\t\t<p><strong>Unidad 1. La pregunta por el poder simb\u00f3lico y la dominaci\u00f3n en la teor\u00eda de la pr\u00e1ctica P. Bourdieu <\/strong><\/p><p><strong>Temario: <\/strong><\/p><p>La teor\u00eda de la pr\u00e1ctica y el sentido pr\u00e1ctico: de las t\u00e9cnicas del cuerpo en Mauss a los conceptos disposicionales (<em>eidos, ethos, hexis y habitus<\/em>) como incorporaci\u00f3n de las relaciones de dominaci\u00f3n. Caso pr\u00e1ctico: el campesino y su cuerpo. Los estudios de etnolog\u00eda kabil y los usos de la econom\u00eda del don (entre Boas, Malinowski, Mauss, L\u00e9vi-Strauss y Sahlins). La propuesta superadora de Bourdieu a las perspectivas cl\u00e1sicas sobre el poder (Marx, Weber y Durkheim): enfoques sobre el poder simb\u00f3lico, la reproducci\u00f3n y los modos de dominaci\u00f3n.<\/p><p>Poder y violencia simb\u00f3lica en la teor\u00eda del sistema de ense\u00f1anza en <em>La reproducci\u00f3n<\/em>. La pregunta por el discurso y una pragm\u00e1tica sociol\u00f3gica en <em>\u00bfQu\u00e9 significa hablar?<\/em>. Debate con la teor\u00eda de la ideolog\u00eda (Althusser). Una lectura cr\u00edtica- alternativa: distinciones entre poder y dominaci\u00f3n, como apuestas de lucha y como efectos indeterminados.<\/p><p>\u00a0<\/p><p><strong>Unidad 2. Estudios sobre poder simb\u00f3lico y discurso social.<\/strong><\/p><p><strong>Temario: <\/strong><\/p><p>Para un an\u00e1lisis discursivo del poder simb\u00f3lico. Di\u00e1logos con el An\u00e1lisis Cr\u00edtico del Discurso (Van Dijk) y la Teor\u00eda del Discurso Social (Angenot). Una caja de herramientas: Subjetivemas y apelativos (T. de la enunciaci\u00f3n), identificaciones (Brubaker y Cooper) y estrategias discursivas de producci\u00f3n de alteridad social. An\u00e1lisis de casos: los discursos de los diarios argentinos <em>Clar\u00edn y La Naci\u00f3n<\/em> sobre las \u201cvillas miseria\u201d y la producci\u00f3n de un \u201cespacio social otro\u201d; La \u201cCampa\u00f1a del desierto\u201d y \u201clos indios\u201d en los peri\u00f3dicos <em>La Prensa y La Naci\u00f3n<\/em> (1879): la construcci\u00f3n de un \u201cdesierto salvaje\u201d en la g\u00e9nesis del \u201cestado-naci\u00f3n\u201d argentino (Dukuen), ACD y etnograf\u00eda en poblaciones migrantes (Olmos Alcaraz); La entrevista etnogr\u00e1fica como pr\u00e1ctica discursiva (Pizarro).<\/p><p>\u00a0<\/p><p><strong>Unidad 3. Estudios sobre poder y dominaci\u00f3n en pr\u00e1cticas corporales.<\/strong><\/p><p><strong>Temario: <\/strong><\/p><p>Enfoques antropol\u00f3gicos sobre poder simb\u00f3lico, alteridades y (re)producci\u00f3n de corporalidades leg\u00edtimas\/ileg\u00edtimas. Herramientas etnogr\u00e1ficas para el estudio de pr\u00e1cticas deportivas: el an\u00e1lisis del esquema corporal, la <em>hexis <\/em>y el<em> habitus<\/em> en el box (Wacquant) y en el deporte adaptado (Ferrante). Cuerpos, moralidades y dominaci\u00f3n masculina en el rugby (Fuentes). Poder simb\u00f3lico, g\u00e9nero y desigualdad en pr\u00e1cticas de socializaci\u00f3n escolar juvenil (Dukuen). Una antropolog\u00eda de y desde los cuerpos: Jackson, Csordas y Citro.<\/p>\t\t\t\t\t\t\t\t<\/div>\n\t\t\t\t<\/div>\n\t\t\t\t<div class=\"elementor-element elementor-element-58e336a elementor-widget-divider--view-line elementor-widget elementor-widget-divider\" data-id=\"58e336a\" data-element_type=\"widget\" data-widget_type=\"divider.default\">\n\t\t\t\t<div class=\"elementor-widget-container\">\n\t\t\t\t\t\t\t<div class=\"elementor-divider\">\n\t\t\t<span class=\"elementor-divider-separator\">\n\t\t\t\t\t\t<\/span>\n\t\t<\/div>\n\t\t\t\t\t\t<\/div>\n\t\t\t\t<\/div>\n\t\t\t\t<div class=\"elementor-element elementor-element-40d8c234 elementor-widget elementor-widget-heading\" data-id=\"40d8c234\" data-element_type=\"widget\" data-widget_type=\"heading.default\">\n\t\t\t\t<div class=\"elementor-widget-container\">\n\t\t\t\t\t<h2 class=\"elementor-heading-title elementor-size-default\">Requisitos de admisi\u00f3n<\/h2>\t\t\t\t<\/div>\n\t\t\t\t<\/div>\n\t\t\t\t<div class=\"elementor-element elementor-element-3fa16624 elementor-widget elementor-widget-text-editor\" data-id=\"3fa16624\" data-element_type=\"widget\" data-widget_type=\"text-editor.default\">\n\t\t\t\t<div class=\"elementor-widget-container\">\n\t\t\t\t\t\t\t\t\t<p>Poseer un t\u00edtulo universitario o de nivel terciario de al menos cuatro a\u00f1os de duraci\u00f3n.<\/p>\t\t\t\t\t\t\t\t<\/div>\n\t\t\t\t<\/div>\n\t\t\t\t<div class=\"elementor-element elementor-element-4027fe71 elementor-widget-divider--view-line elementor-widget elementor-widget-divider\" data-id=\"4027fe71\" data-element_type=\"widget\" data-widget_type=\"divider.default\">\n\t\t\t\t<div class=\"elementor-widget-container\">\n\t\t\t\t\t\t\t<div class=\"elementor-divider\">\n\t\t\t<span class=\"elementor-divider-separator\">\n\t\t\t\t\t\t<\/span>\n\t\t<\/div>\n\t\t\t\t\t\t<\/div>\n\t\t\t\t<\/div>\n\t\t\t\t<div class=\"elementor-element elementor-element-8d4e031 elementor-widget elementor-widget-heading\" data-id=\"8d4e031\" data-element_type=\"widget\" data-widget_type=\"heading.default\">\n\t\t\t\t<div class=\"elementor-widget-container\">\n\t\t\t\t\t<h2 class=\"elementor-heading-title elementor-size-default\">Aranceles<\/h2>\t\t\t\t<\/div>\n\t\t\t\t<\/div>\n\t\t\t\t<div class=\"elementor-element elementor-element-35ae064d elementor-widget elementor-widget-text-editor\" data-id=\"35ae064d\" data-element_type=\"widget\" data-widget_type=\"text-editor.default\">\n\t\t\t\t<div class=\"elementor-widget-container\">\n\t\t\t\t\t\t\t\t\t<p style=\"text-align: justify;\"><strong>Aclaraci\u00f3n: <\/strong>Las\/os Estudiantes Regulares del PPAS y Estudiantes Externos Residentes en Argentina podr\u00e1n abonar el monto del arancel en un solo pago o bien en dos: un primer pago con la inscripci\u00f3n y otro al mes siguiente.<\/p>\t\t\t\t\t\t\t\t<\/div>\n\t\t\t\t<\/div>\n\t\t\t\t<div class=\"elementor-element elementor-element-665f83c0 elementor-widget elementor-widget-text-editor\" data-id=\"665f83c0\" data-element_type=\"widget\" data-widget_type=\"text-editor.default\">\n\t\t\t\t<div class=\"elementor-widget-container\">\n\t\t\t\t\t\t\t\t\t<p><strong><u>Montos vigentes 2026<\/u><\/strong><\/p><table width=\"598\"><tbody><tr><td width=\"345\"><p><strong>Arancel de seminarios<\/strong><\/p><\/td><td width=\"94\"><p><strong>Monto total<\/strong><\/p><\/td><td width=\"76\"><p><strong>1ra. cuota<\/strong><\/p><\/td><td width=\"83\"><p><strong>2da. cuota<\/strong><\/p><\/td><\/tr><tr><td width=\"345\"><p>Estudiantes Regulares del PPAS<\/p><\/td><td width=\"94\"><p>$106.500<\/p><\/td><td width=\"76\"><p>$53.250<\/p><\/td><td width=\"83\"><p>$53.250<\/p><\/td><\/tr><tr><td width=\"345\"><p>Estudiantes Externos Residentes en Argentina<\/p><\/td><td width=\"94\"><p>$149.100<\/p><\/td><td width=\"76\"><p>$74.550<\/p><\/td><td width=\"83\"><p>$74.550<\/p><\/td><\/tr><tr><td width=\"345\"><p>Estudiantes Externos No Residentes en Argentina<\/p><\/td><td width=\"94\"><p>120 d\u00f3lares<\/p><\/td><td width=\"76\"><p>&#8212;&#8212;&#8212;<\/p><\/td><td width=\"83\"><p>&#8212;&#8212;&#8212;-<\/p><\/td><\/tr><tr><td width=\"345\"><p>Egresados y Docentes de la Universidad Nacional de Misiones*<\/p><\/td><td width=\"94\"><p>$119.280 (20% de descuento)<\/p><\/td><td width=\"76\"><p>$59.640<\/p><\/td><td width=\"83\"><p>$59.640<\/p><\/td><\/tr><\/tbody><\/table><p style=\"text-align: justify;\">*<span style=\"font-weight: 400;\">Los egresados de carreras de grado de la Universidad Nacional de Misiones tienen un descuento del 20% sobre matr\u00edculas y aranceles, como as\u00ed tambi\u00e9n los becarios CONICET<b> inscriptos en el PPAS;<\/b>\u00a0y los docentes de la UNaM con cargos de JTP, Adjunto, Asociado y Titular con dedicaciones simples.\u00a0<\/span><\/p>\t\t\t\t\t\t\t\t<\/div>\n\t\t\t\t<\/div>\n\t\t\t\t<div class=\"elementor-element elementor-element-16b69c0d elementor-widget elementor-widget-text-editor\" data-id=\"16b69c0d\" data-element_type=\"widget\" data-widget_type=\"text-editor.default\">\n\t\t\t\t<div class=\"elementor-widget-container\">\n\t\t\t\t\t\t\t\t\t<p style=\"text-align: justify;\"><strong>IMPORTANTE:<\/strong> <span style=\"font-weight: 400;\">\u00a0la inscripci\u00f3n s\u00f3lo quedar\u00e1 confirmada habiendo abonado como m\u00ednimo el 50% del monto del curso. Para obtener el certificado, una vez aprobado el curso, deber\u00e1 tener el 100% del arancel pago, adem\u00e1s de cumplimentar los requisitos del seminario seg\u00fan lo estipulado en el programa.<\/span><\/p>\t\t\t\t\t\t\t\t<\/div>\n\t\t\t\t<\/div>\n\t\t\t\t<div class=\"elementor-element elementor-element-44ee4098 elementor-widget-divider--view-line elementor-widget elementor-widget-divider\" data-id=\"44ee4098\" data-element_type=\"widget\" data-widget_type=\"divider.default\">\n\t\t\t\t<div class=\"elementor-widget-container\">\n\t\t\t\t\t\t\t<div class=\"elementor-divider\">\n\t\t\t<span class=\"elementor-divider-separator\">\n\t\t\t\t\t\t<\/span>\n\t\t<\/div>\n\t\t\t\t\t\t<\/div>\n\t\t\t\t<\/div>\n\t\t\t\t<div class=\"elementor-element elementor-element-ad973d1 elementor-widget elementor-widget-heading\" data-id=\"ad973d1\" data-element_type=\"widget\" data-widget_type=\"heading.default\">\n\t\t\t\t<div class=\"elementor-widget-container\">\n\t\t\t\t\t<h2 class=\"elementor-heading-title elementor-size-default\">Medio de pago<\/h2>\t\t\t\t<\/div>\n\t\t\t\t<\/div>\n\t\t\t\t<section class=\"elementor-section elementor-inner-section elementor-element elementor-element-321097bb elementor-section-boxed elementor-section-height-default elementor-section-height-default\" data-id=\"321097bb\" data-element_type=\"section\">\n\t\t\t\t\t\t<div class=\"elementor-container elementor-column-gap-default\">\n\t\t\t\t\t<div class=\"elementor-column elementor-col-50 elementor-inner-column elementor-element elementor-element-685f55a5\" data-id=\"685f55a5\" data-element_type=\"column\">\n\t\t\t<div class=\"elementor-widget-wrap elementor-element-populated\">\n\t\t\t\t\t\t<div class=\"elementor-element elementor-element-7f89a260 elementor-widget elementor-widget-text-editor\" data-id=\"7f89a260\" data-element_type=\"widget\" data-widget_type=\"text-editor.default\">\n\t\t\t\t<div class=\"elementor-widget-container\">\n\t\t\t\t\t\t\t\t\t<p><strong>Estudiantes Regulares del PPAS y Externos residentes en Argentina: <a href=\"https:\/\/ppas.unam.edu.ar\/\/wp-content\/uploads\/2021\/08\/Datos-bancarios-para-transferencias-y-depositos-por-cajero.pdf\" target=\"_blank\" rel=\"noopener\"><u>acceder aqu\u00ed<\/u> <\/a><\/strong><\/p>\t\t\t\t\t\t\t\t<\/div>\n\t\t\t\t<\/div>\n\t\t\t\t\t<\/div>\n\t\t<\/div>\n\t\t\t\t<div class=\"elementor-column elementor-col-50 elementor-inner-column elementor-element elementor-element-2dc6558\" data-id=\"2dc6558\" data-element_type=\"column\">\n\t\t\t<div class=\"elementor-widget-wrap elementor-element-populated\">\n\t\t\t\t\t\t<div class=\"elementor-element elementor-element-66fb0c8c elementor-widget elementor-widget-text-editor\" data-id=\"66fb0c8c\" data-element_type=\"widget\" data-widget_type=\"text-editor.default\">\n\t\t\t\t<div class=\"elementor-widget-container\">\n\t\t\t\t\t\t\t\t\t<p><strong>Pagos Estudiantes Externos No Residentes en<\/strong><strong> Argentina:<\/strong> comunicarse a <a href=\"mailto:ppas@fhycs.unam.edu.ar\">ppas@fhycs.unam.edu.ar<\/a><\/p>\t\t\t\t\t\t\t\t<\/div>\n\t\t\t\t<\/div>\n\t\t\t\t\t<\/div>\n\t\t<\/div>\n\t\t\t\t\t<\/div>\n\t\t<\/section>\n\t\t\t\t<div class=\"elementor-element elementor-element-6b6620cc elementor-widget-divider--view-line elementor-widget elementor-widget-divider\" data-id=\"6b6620cc\" data-element_type=\"widget\" data-widget_type=\"divider.default\">\n\t\t\t\t<div class=\"elementor-widget-container\">\n\t\t\t\t\t\t\t<div class=\"elementor-divider\">\n\t\t\t<span class=\"elementor-divider-separator\">\n\t\t\t\t\t\t<\/span>\n\t\t<\/div>\n\t\t\t\t\t\t<\/div>\n\t\t\t\t<\/div>\n\t\t\t\t<div class=\"elementor-element elementor-element-5e273e6 elementor-widget elementor-widget-heading\" data-id=\"5e273e6\" data-element_type=\"widget\" data-widget_type=\"heading.default\">\n\t\t\t\t<div class=\"elementor-widget-container\">\n\t\t\t\t\t<h2 class=\"elementor-heading-title elementor-size-default\">Inscripci\u00f3n<\/h2>\t\t\t\t<\/div>\n\t\t\t\t<\/div>\n\t\t\t\t<div class=\"elementor-element elementor-element-35b6d3a9 elementor-widget elementor-widget-text-editor\" data-id=\"35b6d3a9\" data-element_type=\"widget\" data-widget_type=\"text-editor.default\">\n\t\t\t\t<div class=\"elementor-widget-container\">\n\t\t\t\t\t\t\t\t\t<p style=\"text-align: justify;\">Recomendaci\u00f3n: al momento de completar el formulario tenga a mano los archivos que deber\u00e1 adjuntar en el mismo seg\u00fan el caso.<\/p><p style=\"text-align: justify;\"><strong>1) Estudiantes Regulares de Maestr\u00eda y Doctorado del PPAS<\/strong>: adjuntar en el formulario el comprobante de transferencia bancaria. <span style=\"text-decoration: underline;\"><em><a href=\"https:\/\/forms.gle\/mj3sfDudqDEPRCtT9\" target=\"_blank\" rel=\"noopener\">Clic aqu\u00ed<\/a><\/em><\/span><\/p><p style=\"text-align: justify;\">2) <strong>Estudiantes Externos Residentes en Argentina<\/strong>: adjuntar en el formulario tres archivos: DNI, T\u00edtulo Universitario o Terciario de 4 a\u00f1os de duraci\u00f3n m\u00ednimo y comprobante de transferencia bancaria. <span style=\"text-decoration: underline;\"><em><a href=\"https:\/\/forms.gle\/gAd8wrDNAL3HNjCd6\" target=\"_blank\" rel=\"noopener\">Clic aqu\u00ed<\/a><\/em><\/span><\/p><p style=\"text-align: justify;\">3) <strong>Estudiantes Externos Residentes en el Exterior<\/strong>: adjuntar en el formulario dos archivos: DNI y T\u00edtulo Universitario. <em><a href=\"https:\/\/forms.gle\/PsYjc9ohPQVkzW7g9\" target=\"_blank\" rel=\"noopener\">Clic aqu\u00ed<\/a><\/em><\/p>\t\t\t\t\t\t\t\t<\/div>\n\t\t\t\t<\/div>\n\t\t\t\t<div class=\"elementor-element elementor-element-5e63de3a elementor-widget-divider--view-line elementor-widget elementor-widget-divider\" data-id=\"5e63de3a\" data-element_type=\"widget\" data-widget_type=\"divider.default\">\n\t\t\t\t<div class=\"elementor-widget-container\">\n\t\t\t\t\t\t\t<div class=\"elementor-divider\">\n\t\t\t<span class=\"elementor-divider-separator\">\n\t\t\t\t\t\t<\/span>\n\t\t<\/div>\n\t\t\t\t\t\t<\/div>\n\t\t\t\t<\/div>\n\t\t\t\t<div class=\"elementor-element elementor-element-260c88de elementor-widget elementor-widget-heading\" data-id=\"260c88de\" data-element_type=\"widget\" data-widget_type=\"heading.default\">\n\t\t\t\t<div class=\"elementor-widget-container\">\n\t\t\t\t\t<h2 class=\"elementor-heading-title elementor-size-default\">M\u00e1s informaci\u00f3n y contacto<\/h2>\t\t\t\t<\/div>\n\t\t\t\t<\/div>\n\t\t\t\t<div class=\"elementor-element elementor-element-6b164f10 elementor-widget elementor-widget-text-editor\" data-id=\"6b164f10\" data-element_type=\"widget\" data-widget_type=\"text-editor.default\">\n\t\t\t\t<div class=\"elementor-widget-container\">\n\t\t\t\t\t\t\t\t\t<p>Email: ppas@fhycs.unam.edu.ar<\/p><p>Redes sociales: \u00a0<a href=\"about:blank\">\u00a0<\/a><a href=\"about:blank\">PPASPosadas<\/a>\u00a0<a href=\"about:blank\">\u00a0<\/a><a href=\"about:blank\">\u00a0pp_antropologia_social<\/a><\/p>\t\t\t\t\t\t\t\t<\/div>\n\t\t\t\t<\/div>\n\t\t\t\t\t<\/div>\n\t\t<\/div>\n\t\t\t\t\t<\/div>\n\t\t<\/section>\n\t\t\t\t<\/div>\n\t\t","protected":false},"excerpt":{"rendered":"<p>Men\u00fa Detalles del seminario Estado de la inscripci\u00f3n: Abierta Modalidad: Dictado virtual Carga horaria: 50 horas Fechas de inicio y fin: lunes, desde el 20 de abril hasta el 13 de julio Horario: 16 a 19 hs. Cupo de estudiantes: M\u00ednimo 12 Destinatarios: Estudiantes de posgrado, investigadores\/as, profesionales y docentes universitarios\/as y terciarios de distintas [&hellip;]<\/p>\n","protected":false},"author":2,"featured_media":0,"parent":0,"menu_order":0,"comment_status":"closed","ping_status":"closed","template":"","meta":{"footnotes":""},"class_list":["post-3020","page","type-page","status-publish","hentry"],"_links":{"self":[{"href":"https:\/\/ppas.unam.edu.ar\/index.php?rest_route=\/wp\/v2\/pages\/3020","targetHints":{"allow":["GET"]}}],"collection":[{"href":"https:\/\/ppas.unam.edu.ar\/index.php?rest_route=\/wp\/v2\/pages"}],"about":[{"href":"https:\/\/ppas.unam.edu.ar\/index.php?rest_route=\/wp\/v2\/types\/page"}],"author":[{"embeddable":true,"href":"https:\/\/ppas.unam.edu.ar\/index.php?rest_route=\/wp\/v2\/users\/2"}],"replies":[{"embeddable":true,"href":"https:\/\/ppas.unam.edu.ar\/index.php?rest_route=%2Fwp%2Fv2%2Fcomments&post=3020"}],"version-history":[{"count":16,"href":"https:\/\/ppas.unam.edu.ar\/index.php?rest_route=\/wp\/v2\/pages\/3020\/revisions"}],"predecessor-version":[{"id":3219,"href":"https:\/\/ppas.unam.edu.ar\/index.php?rest_route=\/wp\/v2\/pages\/3020\/revisions\/3219"}],"wp:attachment":[{"href":"https:\/\/ppas.unam.edu.ar\/index.php?rest_route=%2Fwp%2Fv2%2Fmedia&parent=3020"}],"curies":[{"name":"wp","href":"https:\/\/api.w.org\/{rel}","templated":true}]}}