{"id":3061,"date":"2026-03-02T20:23:19","date_gmt":"2026-03-02T23:23:19","guid":{"rendered":"https:\/\/ppas.unam.edu.ar\/?page_id=3061"},"modified":"2026-04-14T10:08:51","modified_gmt":"2026-04-14T13:08:51","slug":"la-perspectiva-etnografica-en-antropologia-social-de-la-construccion-del-problema-a-la-escritura","status":"publish","type":"page","link":"https:\/\/ppas.unam.edu.ar\/?page_id=3061","title":{"rendered":"La perspectiva etnogr\u00e1fica en antropolog\u00eda social: de la construcci\u00f3n del problema a la escritura"},"content":{"rendered":"\t\t<div data-elementor-type=\"wp-page\" data-elementor-id=\"3061\" class=\"elementor elementor-3061\" data-elementor-post-type=\"page\">\n\t\t\t\t\t\t<section class=\"elementor-section elementor-top-section elementor-element elementor-element-77686a86 elementor-section-boxed elementor-section-height-default elementor-section-height-default\" data-id=\"77686a86\" data-element_type=\"section\">\n\t\t\t\t\t\t<div class=\"elementor-container elementor-column-gap-default\">\n\t\t\t\t\t<div class=\"elementor-column elementor-col-100 elementor-top-column elementor-element elementor-element-7486f4fb\" data-id=\"7486f4fb\" data-element_type=\"column\">\n\t\t\t<div class=\"elementor-widget-wrap elementor-element-populated\">\n\t\t\t\t\t\t<div class=\"elementor-element elementor-element-3446e6f3 elementor-widget elementor-widget-image\" data-id=\"3446e6f3\" data-element_type=\"widget\" data-widget_type=\"image.default\">\n\t\t\t\t<div class=\"elementor-widget-container\">\n\t\t\t\t\t\t\t\t\t\t\t\t\t\t\t<img fetchpriority=\"high\" decoding=\"async\" width=\"1921\" height=\"1081\" src=\"https:\/\/ppas.unam.edu.ar\/wp-content\/uploads\/2026\/03\/balbi-y-zenobi_3-2.jpg\" class=\"attachment-full size-full wp-image-3133\" alt=\"\" srcset=\"https:\/\/ppas.unam.edu.ar\/wp-content\/uploads\/2026\/03\/balbi-y-zenobi_3-2.jpg 1921w, https:\/\/ppas.unam.edu.ar\/wp-content\/uploads\/2026\/03\/balbi-y-zenobi_3-2-300x169.jpg 300w, https:\/\/ppas.unam.edu.ar\/wp-content\/uploads\/2026\/03\/balbi-y-zenobi_3-2-1024x576.jpg 1024w, https:\/\/ppas.unam.edu.ar\/wp-content\/uploads\/2026\/03\/balbi-y-zenobi_3-2-768x432.jpg 768w, https:\/\/ppas.unam.edu.ar\/wp-content\/uploads\/2026\/03\/balbi-y-zenobi_3-2-1536x864.jpg 1536w\" sizes=\"(max-width: 1921px) 100vw, 1921px\" \/>\t\t\t\t\t\t\t\t\t\t\t\t\t\t\t<\/div>\n\t\t\t\t<\/div>\n\t\t\t\t\t<\/div>\n\t\t<\/div>\n\t\t\t\t\t<\/div>\n\t\t<\/section>\n\t\t\t\t<section class=\"elementor-section elementor-top-section elementor-element elementor-element-4cc5b983 elementor-section-boxed elementor-section-height-default elementor-section-height-default\" data-id=\"4cc5b983\" data-element_type=\"section\">\n\t\t\t\t\t\t<div class=\"elementor-container elementor-column-gap-default\">\n\t\t\t\t\t<div class=\"elementor-column elementor-col-33 elementor-top-column elementor-element elementor-element-470de437\" data-id=\"470de437\" data-element_type=\"column\">\n\t\t\t<div class=\"elementor-widget-wrap elementor-element-populated\">\n\t\t\t\t\t\t<div class=\"elementor-element elementor-element-38835195 elementor-hidden-mobile elementor-toc--minimized-on-tablet elementor-widget elementor-widget-table-of-contents\" data-id=\"38835195\" data-element_type=\"widget\" data-settings=\"{&quot;exclude_headings_by_selector&quot;:[],&quot;no_headings_message&quot;:&quot;No headings were found on this page.&quot;,&quot;sticky&quot;:&quot;top&quot;,&quot;sticky_offset&quot;:150,&quot;headings_by_tags&quot;:[&quot;h2&quot;,&quot;h3&quot;,&quot;h4&quot;,&quot;h5&quot;,&quot;h6&quot;],&quot;marker_view&quot;:&quot;numbers&quot;,&quot;minimize_box&quot;:&quot;yes&quot;,&quot;minimized_on&quot;:&quot;tablet&quot;,&quot;hierarchical_view&quot;:&quot;yes&quot;,&quot;min_height&quot;:{&quot;unit&quot;:&quot;px&quot;,&quot;size&quot;:&quot;&quot;,&quot;sizes&quot;:[]},&quot;min_height_tablet&quot;:{&quot;unit&quot;:&quot;px&quot;,&quot;size&quot;:&quot;&quot;,&quot;sizes&quot;:[]},&quot;min_height_mobile&quot;:{&quot;unit&quot;:&quot;px&quot;,&quot;size&quot;:&quot;&quot;,&quot;sizes&quot;:[]},&quot;sticky_on&quot;:[&quot;desktop&quot;,&quot;tablet&quot;,&quot;mobile&quot;],&quot;sticky_effects_offset&quot;:0,&quot;sticky_anchor_link_offset&quot;:0}\" data-widget_type=\"table-of-contents.default\">\n\t\t\t\t<div class=\"elementor-widget-container\">\n\t\t\t\t\t\t\t<div class=\"elementor-toc__header\">\n\t\t\t<h4 class=\"elementor-toc__header-title\">\n\t\t\t\tMen\u00fa\t\t\t<\/h4>\n\t\t\t\t\t\t\t<div class=\"elementor-toc__toggle-button elementor-toc__toggle-button--expand\" role=\"button\" tabindex=\"0\" aria-controls=\"elementor-toc__38835195\" aria-expanded=\"true\" aria-label=\"Open table of contents\"><i aria-hidden=\"true\" class=\"fas fa-chevron-down\"><\/i><\/div>\n\t\t\t\t<div class=\"elementor-toc__toggle-button elementor-toc__toggle-button--collapse\" role=\"button\" tabindex=\"0\" aria-controls=\"elementor-toc__38835195\" aria-expanded=\"true\" aria-label=\"Close table of contents\"><i aria-hidden=\"true\" class=\"fas fa-chevron-up\"><\/i><\/div>\n\t\t\t\t\t<\/div>\n\t\t<div id=\"elementor-toc__38835195\" class=\"elementor-toc__body\">\n\t\t\t<div class=\"elementor-toc__spinner-container\">\n\t\t\t\t<i class=\"elementor-toc__spinner eicon-animation-spin eicon-loading\" aria-hidden=\"true\"><\/i>\t\t\t<\/div>\n\t\t<\/div>\n\t\t\t\t\t\t<\/div>\n\t\t\t\t<\/div>\n\t\t\t\t\t<\/div>\n\t\t<\/div>\n\t\t\t\t<div class=\"elementor-column elementor-col-66 elementor-top-column elementor-element elementor-element-4a784cde\" data-id=\"4a784cde\" data-element_type=\"column\">\n\t\t\t<div class=\"elementor-widget-wrap elementor-element-populated\">\n\t\t\t\t\t\t<div class=\"elementor-element elementor-element-381c910e elementor-widget elementor-widget-heading\" data-id=\"381c910e\" data-element_type=\"widget\" data-widget_type=\"heading.default\">\n\t\t\t\t<div class=\"elementor-widget-container\">\n\t\t\t\t\t<h2 class=\"elementor-heading-title elementor-size-default\">Detalles del seminario<\/h2>\t\t\t\t<\/div>\n\t\t\t\t<\/div>\n\t\t\t\t<div class=\"elementor-element elementor-element-20529fcc elementor-widget elementor-widget-text-editor\" data-id=\"20529fcc\" data-element_type=\"widget\" data-widget_type=\"text-editor.default\">\n\t\t\t\t<div class=\"elementor-widget-container\">\n\t\t\t\t\t\t\t\t\t<p><strong>Estado de la inscripci\u00f3n: <\/strong>Abierta<\/p><p><strong>Modalidad: <\/strong>Dictado virtual<\/p><p><strong>Carga horaria: <\/strong>50 horas<\/p><p><strong>Fechas de inicio y fin: <\/strong>viernes, desde el 24 de abril a 17 de julio.\u00a0<\/p><p><strong>Horario:<\/strong> 16 a 19 hs.<\/p><p><strong>Cupo de estudiantes: <\/strong>M\u00ednimo 12<\/p><p><strong>Destinatarios: <\/strong>Estudiantes de posgrado, investigadores\/as, profesionales y docentes universitarios\/as y terciarios de distintas \u00e1reas disciplinarias con inter\u00e9s en la investigaci\u00f3n social.<\/p><p><strong>Requisitos de admisi\u00f3n: <\/strong>Poseer un t\u00edtulo universitario o de nivel terciario de al menos cuatro a\u00f1os de duraci\u00f3n.<\/p>\t\t\t\t\t\t\t\t<\/div>\n\t\t\t\t<\/div>\n\t\t\t\t<div class=\"elementor-element elementor-element-1b534668 elementor-widget-divider--view-line elementor-widget elementor-widget-divider\" data-id=\"1b534668\" data-element_type=\"widget\" data-widget_type=\"divider.default\">\n\t\t\t\t<div class=\"elementor-widget-container\">\n\t\t\t\t\t\t\t<div class=\"elementor-divider\">\n\t\t\t<span class=\"elementor-divider-separator\">\n\t\t\t\t\t\t<\/span>\n\t\t<\/div>\n\t\t\t\t\t\t<\/div>\n\t\t\t\t<\/div>\n\t\t\t\t<div class=\"elementor-element elementor-element-f032d5f elementor-widget elementor-widget-text-editor\" data-id=\"f032d5f\" data-element_type=\"widget\" data-widget_type=\"text-editor.default\">\n\t\t\t\t<div class=\"elementor-widget-container\">\n\t\t\t\t\t\t\t\t\t<p><strong>Docente a cargo<\/strong>: <span style=\"text-decoration: underline;\"><a href=\"https:\/\/ppas.unam.edu.ar\/?page_id=3055\" target=\"_blank\" rel=\"noopener\"><b>Dr. Fernando A. Balbi<\/b><\/a> y <strong><a href=\"https:\/\/ppas.unam.edu.ar\/?page_id=3058\" target=\"_blank\" rel=\"noopener\">Dr. Diego Zenobi<\/a><\/strong><\/span><\/p>\t\t\t\t\t\t\t\t<\/div>\n\t\t\t\t<\/div>\n\t\t\t\t<div class=\"elementor-element elementor-element-2980ee88 elementor-widget-divider--view-line elementor-widget elementor-widget-divider\" data-id=\"2980ee88\" data-element_type=\"widget\" data-widget_type=\"divider.default\">\n\t\t\t\t<div class=\"elementor-widget-container\">\n\t\t\t\t\t\t\t<div class=\"elementor-divider\">\n\t\t\t<span class=\"elementor-divider-separator\">\n\t\t\t\t\t\t<\/span>\n\t\t<\/div>\n\t\t\t\t\t\t<\/div>\n\t\t\t\t<\/div>\n\t\t\t\t<div class=\"elementor-element elementor-element-d57fcf8 elementor-widget elementor-widget-heading\" data-id=\"d57fcf8\" data-element_type=\"widget\" data-widget_type=\"heading.default\">\n\t\t\t\t<div class=\"elementor-widget-container\">\n\t\t\t\t\t<h2 class=\"elementor-heading-title elementor-size-default\">Resumen del curso<\/h2>\t\t\t\t<\/div>\n\t\t\t\t<\/div>\n\t\t\t\t<div class=\"elementor-element elementor-element-7b989ea3 elementor-widget elementor-widget-text-editor\" data-id=\"7b989ea3\" data-element_type=\"widget\" data-widget_type=\"text-editor.default\">\n\t\t\t\t<div class=\"elementor-widget-container\">\n\t\t\t\t\t\t\t\t\t<p style=\"text-align: justify;\">En antropolog\u00eda social, la palabra \u2018etnograf\u00eda\u2019 designa tanto a un m\u00e9todo de investigaci\u00f3n de campo como a un tipo de texto y a una perspectiva anal\u00edtica. A lo largo del curso se intentar\u00e1 facilitar a los alumnos las herramientas necesarias para aprehender y problematizar la naturaleza de los v\u00ednculos entre perspectiva, m\u00e9todo y texto que subyacen a este uso terminol\u00f3gico, enfatizando el hecho de que el tercer t\u00e9rmino de esta serie es el que, habitualmente, disfruta del menor grado de independencia.<\/p><p style=\"text-align: justify;\">\u00a0<\/p>\t\t\t\t\t\t\t\t<\/div>\n\t\t\t\t<\/div>\n\t\t\t\t<div class=\"elementor-element elementor-element-1c8337a4 elementor-widget elementor-widget-heading\" data-id=\"1c8337a4\" data-element_type=\"widget\" data-widget_type=\"heading.default\">\n\t\t\t\t<div class=\"elementor-widget-container\">\n\t\t\t\t\t<h2 class=\"elementor-heading-title elementor-size-default\">Objetivo General y Modalidad de clases<\/h2>\t\t\t\t<\/div>\n\t\t\t\t<\/div>\n\t\t\t\t<div class=\"elementor-element elementor-element-7a8e48b6 elementor-widget elementor-widget-text-editor\" data-id=\"7a8e48b6\" data-element_type=\"widget\" data-widget_type=\"text-editor.default\">\n\t\t\t\t<div class=\"elementor-widget-container\">\n\t\t\t\t\t\t\t\t\t<p style=\"text-align: justify;\">El objetivo general del seminario es brindar un apoyo para el abordaje, por parte de los estudiantes, de las tareas de investigaci\u00f3n y escritura etnogr\u00e1ficas que habr\u00e1n de conducir a la presentaci\u00f3n de sus tesis de doctorado en antropolog\u00eda. En el entendimiento de que las relaciones entre la investigaci\u00f3n y la escritura etnogr\u00e1ficas son complejas y multiformes, se plantea el objetivo espec\u00edfico de poner a los estudiantes en contacto con discusiones te\u00f3rico-metodol\u00f3gicas al respecto y propiciar un espacio de discusi\u00f3n colectiva en torno de estas. Un segundo objetivo espec\u00edfico del curso ser\u00e1 el de abordar los fundamentos te\u00f3ricos de la etnograf\u00eda en cuanto procedimiento de investigaci\u00f3n propiamente antropol\u00f3gico. El tercer objetivo espec\u00edfico ser\u00e1 brindar a los estudiantes la posibilidad de familiarizarse con diversas formas de escritura etnogr\u00e1fica atendiendo a las condiciones te\u00f3rico-metodol\u00f3gicas subyacentes a su producci\u00f3n. De esta forma, se aspira, a modo de cuarto objetivo espec\u00edfico, a facilitarles la construcci\u00f3n y el abordaje de sus propios problemas de investigaci\u00f3n a la hora de hacer etnograf\u00eda, la selecci\u00f3n y el despliegue de diversos procedimientos de investigaci\u00f3n propios de la disciplina, as\u00ed como la producci\u00f3n de textos etnogr\u00e1ficos, tanto en el formato de tesis como en otros de los que comporta habitualmente la actividad acad\u00e9mica (art\u00edculos, ponencias, libros, etc.).<\/p><p style=\"text-align: justify;\">La din\u00e1mica del seminario combinar\u00e1 presentaciones a cargo de los docentes con exposiciones de los estudiantes y debates sobre los textos. Durante la cursada, los docentes informar\u00e1n a los estudiantes cu\u00e1les textos de la bibliograf\u00eda obligatoria corresponden a cada clase, distinguiendo entre los que deber\u00e1n ser le\u00eddos por todos y otros que ser\u00e1n distribuidos para que algunos de ellos se ocupen de presentarlos. Asimismo, los estudiantes deber\u00e1n presentar informes de lectura semanales, sobre textos que les ser\u00e1n indicados oportunamente.<\/p><p style=\"text-align: justify;\">La mec\u00e1nica del curso se estructura en torno del trabajo con los textos de la bibliograf\u00eda obligatoria, combinando exposiciones de los docentes con presentaciones de los estudiantes y debates. En la primera parte del curso (Unidades I a V), se asignar\u00e1n tareas a los estudiantes en base a cuestionarios centrados en los textos y\/o en las relaciones que sea posible trazar entre los contenidos de estos y sus propias investigaciones. La segunda parte (Unidad VI) estar\u00e1 enteramente centrada en el an\u00e1lisis detallado de textos etnogr\u00e1ficos, actividad que tambi\u00e9n contemplar\u00e1 el uso de cuestionarios y la preparaci\u00f3n de exposiciones en torno de las preguntas all\u00ed contenidas.<\/p>\t\t\t\t\t\t\t\t<\/div>\n\t\t\t\t<\/div>\n\t\t\t\t<div class=\"elementor-element elementor-element-27ebe319 elementor-widget elementor-widget-heading\" data-id=\"27ebe319\" data-element_type=\"widget\" data-widget_type=\"heading.default\">\n\t\t\t\t<div class=\"elementor-widget-container\">\n\t\t\t\t\t<h2 class=\"elementor-heading-title elementor-size-default\">Regularidad y condiciones de aprobaci\u00f3n<\/h2>\t\t\t\t<\/div>\n\t\t\t\t<\/div>\n\t\t\t\t<div class=\"elementor-element elementor-element-1c6369d8 elementor-widget elementor-widget-text-editor\" data-id=\"1c6369d8\" data-element_type=\"widget\" data-widget_type=\"text-editor.default\">\n\t\t\t\t<div class=\"elementor-widget-container\">\n\t\t\t\t\t\t\t\t\t<p style=\"text-align: justify;\">La regularidad requiere de un 75% de asistencia a clase.<\/p><p style=\"text-align: justify;\">El trabajo final del seminario consistir\u00e1 en la redacci\u00f3n de una monograf\u00eda breve (de 15 a 20 p\u00e1ginas en tama\u00f1o A4, a espacio y medio, en letra Times New Roman de 12 puntos).<\/p><p style=\"text-align: justify;\">Los alumnos que se encuentren en etapa de redacci\u00f3n de tesis podr\u00e1n \u2013con el acuerdo de los docentes\u2013 redactar un an\u00e1lisis etnogr\u00e1fico basado en sus propios materiales de investigaci\u00f3n, el cual deber\u00e1 ser acompa\u00f1ado por un un comentario sobre el mismo basado en los contenidos del curso. Quienes transiten etapas previas de sus investigaciones, podr\u00e1n redactar un an\u00e1lisis cr\u00edtico de su propia escritura etnogr\u00e1fica en producciones previas, o bien un ensayo problematizando alg\u00fan aspecto de su trabajo en curso, siempre en funci\u00f3n del contenido del curso. En todos los casos, los estudiantes deber\u00e1n presentar previamente una propuesta de trabajo final por escrito.<\/p><p style=\"text-align: justify;\">Las indicaciones detalladas sobre el contenido y el formato de la presentaci\u00f3n ser\u00e1n proporcionadas oportunamente por los docentes.<\/p>\t\t\t\t\t\t\t\t<\/div>\n\t\t\t\t<\/div>\n\t\t\t\t<div class=\"elementor-element elementor-element-3d15405 elementor-widget-divider--view-line elementor-widget elementor-widget-divider\" data-id=\"3d15405\" data-element_type=\"widget\" data-widget_type=\"divider.default\">\n\t\t\t\t<div class=\"elementor-widget-container\">\n\t\t\t\t\t\t\t<div class=\"elementor-divider\">\n\t\t\t<span class=\"elementor-divider-separator\">\n\t\t\t\t\t\t<\/span>\n\t\t<\/div>\n\t\t\t\t\t\t<\/div>\n\t\t\t\t<\/div>\n\t\t\t\t<div class=\"elementor-element elementor-element-4a4eb370 elementor-widget elementor-widget-heading\" data-id=\"4a4eb370\" data-element_type=\"widget\" data-widget_type=\"heading.default\">\n\t\t\t\t<div class=\"elementor-widget-container\">\n\t\t\t\t\t<h2 class=\"elementor-heading-title elementor-size-default\">Unidades tem\u00e1ticas - M\u00f3dulos<\/h2>\t\t\t\t<\/div>\n\t\t\t\t<\/div>\n\t\t\t\t<div class=\"elementor-element elementor-element-27e20a4a elementor-widget elementor-widget-text-editor\" data-id=\"27e20a4a\" data-element_type=\"widget\" data-widget_type=\"text-editor.default\">\n\t\t\t\t<div class=\"elementor-widget-container\">\n\t\t\t\t\t\t\t\t\t<p><strong>Unidad 1: \u00bfQu\u00e9 hacemos los antrop\u00f3logos cuando hacemos \u2018etnograf\u00eda\u2019?<\/strong><\/p><p>(a) Polisemia del t\u00e9rmino \u2018etnograf\u00eda\u2019: perspectiva, investigaci\u00f3n de campo y texto. Relaciones entre los tres elementos.<\/p><p>(b) La construcci\u00f3n del objeto de investigaci\u00f3n en etnograf\u00eda. Vigilancia epistemol\u00f3gica y objetivaci\u00f3n del sujeto objetivante.<\/p><p>(c) La etnograf\u00eda como proceso de investigaci\u00f3n abierto.<\/p><p>(d) El lugar de las perspectivas nativas en la etnograf\u00eda.<\/p><p><strong>Unidad 2: La etnograf\u00eda como empresa te\u00f3rica<\/strong><\/p><p>(a) La naturaleza te\u00f3rica de la investigaci\u00f3n etnogr\u00e1fica. Los procedimientos de investigaci\u00f3n como teor\u00eda puesta en acci\u00f3n. El problema de la sobreinterpretaci\u00f3n.<\/p><p>(b) La puesta en tensi\u00f3n y reformulaci\u00f3n de las orientaciones te\u00f3ricas en el curso de la investigaci\u00f3n etnogr\u00e1fica.<\/p><p>(c) La perspectiva etnogr\u00e1fica.<\/p><p><strong>Unidad 3: La construcci\u00f3n anal\u00edtica de las perspectivas nativas<\/strong><\/p><p>(a) Las perspectivas nativas como construcciones heur\u00edsticas.<\/p><p>(b) El papel de la teor\u00eda en la construcci\u00f3n de las perspectivas nativas. La naturaleza comparativa de la teor\u00eda antropol\u00f3gica. Los diferentes usos de la comparaci\u00f3n: generalizaci\u00f3n y especificaci\u00f3n de la particularidad; comparaci\u00f3n \u2018frontal \u2018 y \u2018lateral\u2019. La sensibilidad etnogr\u00e1fica.<\/p><p>(c) Las categor\u00edas nativas como construcciones heur\u00edsticas.<\/p><p>(d) El papel del contexto en la construcci\u00f3n de las categor\u00edas y perspectivas nativas. La construcci\u00f3n anal\u00edtica<\/p><p><strong>Unidad 4: La escritura etnogr\u00e1fica (I): perspectiva anal\u00edtica, problema y escritura<\/strong><\/p><p>(a) Relaciones entre la perspectiva anal\u00edtica, los procedimientos de investigaci\u00f3n y la escritura etnogr\u00e1fica. Las limitaciones de la autonom\u00eda relativa de la escritura etnogr\u00e1fica.<\/p><p>(b) Las etnograf\u00edas como argumentos. Planteamiento del problema, desarrollo, y administraci\u00f3n de la evidencia. La inexistencia de f\u00f3rmulas universales para la escritura etnogr\u00e1fica.<\/p><p>(c) El papel de los recursos ret\u00f3ricos y sus l\u00edmites. La dependencia de los recursos ret\u00f3ricos en relaci\u00f3n con la perspectiva anal\u00edtica. Funciones anal\u00edticas y ret\u00f3ricas de la organizaci\u00f3n del argumento. El lugar del autor en el texto. Diferencias y relaciones entre la autoridad y la capacidad de convencer a cierto tipo de p\u00fablico.<\/p><p><strong>Unidad 5: La escritura etnogr\u00e1fica (II): problemas t\u00e9cnicos y \u00e9ticos<\/strong><\/p><p>(a) La descripci\u00f3n como forma de an\u00e1lisis y como problema. Descripci\u00f3n propiamente dicha y descripci\u00f3n generalizada. El problema de la verosimilitud.<\/p><p>(b) Citas textuales y par\u00e1frasis: para qu\u00e9 y c\u00f3mo se usan.<\/p><p>(b) Los problemas \u00e9ticos de la escritura etnogr\u00e1fica.<\/p><p><strong>Unidad 6: La escritura etnogr\u00e1fica (III): la diversidad de la escritura etnogr\u00e1fica<\/strong><\/p><p>Lectura y an\u00e1lisis de etnograf\u00edas en funci\u00f3n de los problemas trabajados en el seminario.<\/p>\t\t\t\t\t\t\t\t<\/div>\n\t\t\t\t<\/div>\n\t\t\t\t<div class=\"elementor-element elementor-element-257e2242 elementor-widget-divider--view-line elementor-widget elementor-widget-divider\" data-id=\"257e2242\" data-element_type=\"widget\" data-widget_type=\"divider.default\">\n\t\t\t\t<div class=\"elementor-widget-container\">\n\t\t\t\t\t\t\t<div class=\"elementor-divider\">\n\t\t\t<span class=\"elementor-divider-separator\">\n\t\t\t\t\t\t<\/span>\n\t\t<\/div>\n\t\t\t\t\t\t<\/div>\n\t\t\t\t<\/div>\n\t\t\t\t<div class=\"elementor-element elementor-element-5ef5ca9 elementor-widget elementor-widget-heading\" data-id=\"5ef5ca9\" data-element_type=\"widget\" data-widget_type=\"heading.default\">\n\t\t\t\t<div class=\"elementor-widget-container\">\n\t\t\t\t\t<h2 class=\"elementor-heading-title elementor-size-default\">Requisitos de admisi\u00f3n<\/h2>\t\t\t\t<\/div>\n\t\t\t\t<\/div>\n\t\t\t\t<div class=\"elementor-element elementor-element-22ec852b elementor-widget elementor-widget-text-editor\" data-id=\"22ec852b\" data-element_type=\"widget\" data-widget_type=\"text-editor.default\">\n\t\t\t\t<div class=\"elementor-widget-container\">\n\t\t\t\t\t\t\t\t\t<p>Poseer un t\u00edtulo universitario o de nivel terciario de al menos cuatro a\u00f1os de duraci\u00f3n.<\/p>\t\t\t\t\t\t\t\t<\/div>\n\t\t\t\t<\/div>\n\t\t\t\t<div class=\"elementor-element elementor-element-69f2471e elementor-widget-divider--view-line elementor-widget elementor-widget-divider\" data-id=\"69f2471e\" data-element_type=\"widget\" data-widget_type=\"divider.default\">\n\t\t\t\t<div class=\"elementor-widget-container\">\n\t\t\t\t\t\t\t<div class=\"elementor-divider\">\n\t\t\t<span class=\"elementor-divider-separator\">\n\t\t\t\t\t\t<\/span>\n\t\t<\/div>\n\t\t\t\t\t\t<\/div>\n\t\t\t\t<\/div>\n\t\t\t\t<div class=\"elementor-element elementor-element-5a9949b3 elementor-widget elementor-widget-heading\" data-id=\"5a9949b3\" data-element_type=\"widget\" data-widget_type=\"heading.default\">\n\t\t\t\t<div class=\"elementor-widget-container\">\n\t\t\t\t\t<h2 class=\"elementor-heading-title elementor-size-default\">Aranceles<\/h2>\t\t\t\t<\/div>\n\t\t\t\t<\/div>\n\t\t\t\t<div class=\"elementor-element elementor-element-4fe47de elementor-widget elementor-widget-text-editor\" data-id=\"4fe47de\" data-element_type=\"widget\" data-widget_type=\"text-editor.default\">\n\t\t\t\t<div class=\"elementor-widget-container\">\n\t\t\t\t\t\t\t\t\t<p style=\"text-align: justify;\"><strong>Aclaraci\u00f3n: <\/strong>Las\/os Estudiantes Regulares del PPAS y Estudiantes Externos Residentes en Argentina podr\u00e1n abonar el monto del arancel en un solo pago o bien en dos: un primer pago con la inscripci\u00f3n y otro al mes siguiente.<\/p>\t\t\t\t\t\t\t\t<\/div>\n\t\t\t\t<\/div>\n\t\t\t\t<div class=\"elementor-element elementor-element-3286d834 elementor-widget elementor-widget-text-editor\" data-id=\"3286d834\" data-element_type=\"widget\" data-widget_type=\"text-editor.default\">\n\t\t\t\t<div class=\"elementor-widget-container\">\n\t\t\t\t\t\t\t\t\t<p><strong><u>Montos vigentes 2026<\/u><\/strong><\/p><table width=\"598\"><tbody><tr><td width=\"345\"><p><strong>Arancel de seminarios<\/strong><\/p><\/td><td width=\"94\"><p><strong>Monto total<\/strong><\/p><\/td><td width=\"76\"><p><strong>1ra. cuota<\/strong><\/p><\/td><td width=\"83\"><p><strong>2da. cuota<\/strong><\/p><\/td><\/tr><tr><td width=\"345\"><p>Estudiantes Regulares del PPAS<\/p><\/td><td width=\"94\"><p>$106.500<\/p><\/td><td width=\"76\"><p>$53.250<\/p><\/td><td width=\"83\"><p>$53.250<\/p><\/td><\/tr><tr><td width=\"345\"><p>Estudiantes Externos Residentes en Argentina<\/p><\/td><td width=\"94\"><p>$149.100<\/p><\/td><td width=\"76\"><p>$74.550<\/p><\/td><td width=\"83\"><p>$74.550<\/p><\/td><\/tr><tr><td width=\"345\"><p>Estudiantes Externos No Residentes en Argentina<\/p><\/td><td width=\"94\"><p>120 d\u00f3lares<\/p><\/td><td width=\"76\"><p>&#8212;&#8212;&#8212;<\/p><\/td><td width=\"83\"><p>&#8212;&#8212;&#8212;-<\/p><\/td><\/tr><tr><td width=\"345\"><p>Egresados y Docentes de la Universidad Nacional de Misiones*<\/p><\/td><td width=\"94\"><p>$119.280 (20% de descuento)<\/p><\/td><td width=\"76\"><p>$59.640<\/p><\/td><td width=\"83\"><p>$59.640<\/p><\/td><\/tr><\/tbody><\/table><p style=\"text-align: justify;\">*<span style=\"font-weight: 400;\">Los egresados de carreras de grado de la Universidad Nacional de Misiones tienen un descuento del 20% sobre matr\u00edculas y aranceles, como as\u00ed tambi\u00e9n los becarios CONICET<b> inscriptos en el PPAS;<\/b>\u00a0y los docentes de la UNaM con cargos de JTP, Adjunto, Asociado y Titular con dedicaciones simples.\u00a0<\/span><\/p>\t\t\t\t\t\t\t\t<\/div>\n\t\t\t\t<\/div>\n\t\t\t\t<div class=\"elementor-element elementor-element-2bc6f1c3 elementor-widget elementor-widget-text-editor\" data-id=\"2bc6f1c3\" data-element_type=\"widget\" data-widget_type=\"text-editor.default\">\n\t\t\t\t<div class=\"elementor-widget-container\">\n\t\t\t\t\t\t\t\t\t<p style=\"text-align: justify;\"><strong>IMPORTANTE:<\/strong> <span style=\"font-weight: 400;\">\u00a0la inscripci\u00f3n s\u00f3lo quedar\u00e1 confirmada habiendo abonado como m\u00ednimo el 50% del monto del curso. Para obtener el certificado, una vez aprobado el curso, deber\u00e1 tener el 100% del arancel pago, adem\u00e1s de cumplimentar los requisitos del seminario seg\u00fan lo estipulado en el programa.<\/span><\/p>\t\t\t\t\t\t\t\t<\/div>\n\t\t\t\t<\/div>\n\t\t\t\t<div class=\"elementor-element elementor-element-110d4b9 elementor-widget-divider--view-line elementor-widget elementor-widget-divider\" data-id=\"110d4b9\" data-element_type=\"widget\" data-widget_type=\"divider.default\">\n\t\t\t\t<div class=\"elementor-widget-container\">\n\t\t\t\t\t\t\t<div class=\"elementor-divider\">\n\t\t\t<span class=\"elementor-divider-separator\">\n\t\t\t\t\t\t<\/span>\n\t\t<\/div>\n\t\t\t\t\t\t<\/div>\n\t\t\t\t<\/div>\n\t\t\t\t<div class=\"elementor-element elementor-element-39a4ad04 elementor-widget elementor-widget-heading\" data-id=\"39a4ad04\" data-element_type=\"widget\" data-widget_type=\"heading.default\">\n\t\t\t\t<div class=\"elementor-widget-container\">\n\t\t\t\t\t<h2 class=\"elementor-heading-title elementor-size-default\">Medio de pago<\/h2>\t\t\t\t<\/div>\n\t\t\t\t<\/div>\n\t\t\t\t<section class=\"elementor-section elementor-inner-section elementor-element elementor-element-481194cb elementor-section-boxed elementor-section-height-default elementor-section-height-default\" data-id=\"481194cb\" data-element_type=\"section\">\n\t\t\t\t\t\t<div class=\"elementor-container elementor-column-gap-default\">\n\t\t\t\t\t<div class=\"elementor-column elementor-col-50 elementor-inner-column elementor-element elementor-element-795fa088\" data-id=\"795fa088\" data-element_type=\"column\">\n\t\t\t<div class=\"elementor-widget-wrap elementor-element-populated\">\n\t\t\t\t\t\t<div class=\"elementor-element elementor-element-6506883e elementor-widget elementor-widget-text-editor\" data-id=\"6506883e\" data-element_type=\"widget\" data-widget_type=\"text-editor.default\">\n\t\t\t\t<div class=\"elementor-widget-container\">\n\t\t\t\t\t\t\t\t\t<p><strong>Estudiantes Regulares del PPAS y Externos residentes en Argentina: <a href=\"https:\/\/ppas.unam.edu.ar\/\/wp-content\/uploads\/2021\/08\/Datos-bancarios-para-transferencias-y-depositos-por-cajero.pdf\" target=\"_blank\" rel=\"noopener\"><u>acceder aqu\u00ed<\/u> <\/a><\/strong><\/p>\t\t\t\t\t\t\t\t<\/div>\n\t\t\t\t<\/div>\n\t\t\t\t\t<\/div>\n\t\t<\/div>\n\t\t\t\t<div class=\"elementor-column elementor-col-50 elementor-inner-column elementor-element elementor-element-3caa6cfb\" data-id=\"3caa6cfb\" data-element_type=\"column\">\n\t\t\t<div class=\"elementor-widget-wrap elementor-element-populated\">\n\t\t\t\t\t\t<div class=\"elementor-element elementor-element-d6d215a elementor-widget elementor-widget-text-editor\" data-id=\"d6d215a\" data-element_type=\"widget\" data-widget_type=\"text-editor.default\">\n\t\t\t\t<div class=\"elementor-widget-container\">\n\t\t\t\t\t\t\t\t\t<p><strong>Pagos Estudiantes Externos No Residentes en<\/strong><strong> Argentina:<\/strong> comunicarse a <a href=\"mailto:ppas@fhycs.unam.edu.ar\">ppas@fhycs.unam.edu.ar<\/a><\/p>\t\t\t\t\t\t\t\t<\/div>\n\t\t\t\t<\/div>\n\t\t\t\t\t<\/div>\n\t\t<\/div>\n\t\t\t\t\t<\/div>\n\t\t<\/section>\n\t\t\t\t<div class=\"elementor-element elementor-element-44c80a08 elementor-widget-divider--view-line elementor-widget elementor-widget-divider\" data-id=\"44c80a08\" data-element_type=\"widget\" data-widget_type=\"divider.default\">\n\t\t\t\t<div class=\"elementor-widget-container\">\n\t\t\t\t\t\t\t<div class=\"elementor-divider\">\n\t\t\t<span class=\"elementor-divider-separator\">\n\t\t\t\t\t\t<\/span>\n\t\t<\/div>\n\t\t\t\t\t\t<\/div>\n\t\t\t\t<\/div>\n\t\t\t\t<div class=\"elementor-element elementor-element-677e4 elementor-widget elementor-widget-heading\" data-id=\"677e4\" data-element_type=\"widget\" data-widget_type=\"heading.default\">\n\t\t\t\t<div class=\"elementor-widget-container\">\n\t\t\t\t\t<h2 class=\"elementor-heading-title elementor-size-default\">Inscripci\u00f3n<\/h2>\t\t\t\t<\/div>\n\t\t\t\t<\/div>\n\t\t\t\t<div class=\"elementor-element elementor-element-32556258 elementor-widget elementor-widget-text-editor\" data-id=\"32556258\" data-element_type=\"widget\" data-widget_type=\"text-editor.default\">\n\t\t\t\t<div class=\"elementor-widget-container\">\n\t\t\t\t\t\t\t\t\t<p style=\"text-align: justify;\">Recomendaci\u00f3n: al momento de completar el formulario tenga a mano los archivos que deber\u00e1 adjuntar en el mismo seg\u00fan el caso.<\/p><p style=\"text-align: justify;\"><strong>1) Estudiantes Regulares de Maestr\u00eda y Doctorado del PPAS<\/strong>: adjuntar en el formulario el comprobante de transferencia bancaria. <span style=\"text-decoration: underline;\"><em><a href=\"https:\/\/forms.gle\/mj3sfDudqDEPRCtT9\" target=\"_blank\" rel=\"noopener\">Clic aqu\u00ed<\/a><\/em><\/span><\/p><p style=\"text-align: justify;\">2) <strong>Estudiantes Externos Residentes en Argentina<\/strong>: adjuntar en el formulario tres archivos: DNI, T\u00edtulo Universitario o Terciario de 4 a\u00f1os de duraci\u00f3n m\u00ednimo y comprobante de transferencia bancaria. <span style=\"text-decoration: underline;\"><em><a href=\"https:\/\/forms.gle\/gAd8wrDNAL3HNjCd6\" target=\"_blank\" rel=\"noopener\">Clic aqu\u00ed<\/a><\/em><\/span><\/p><p style=\"text-align: justify;\">3) <strong>Estudiantes Externos Residentes en el Exterior<\/strong>: adjuntar en el formulario dos archivos: DNI y T\u00edtulo Universitario. <em><a href=\"https:\/\/forms.gle\/PsYjc9ohPQVkzW7g9\" target=\"_blank\" rel=\"noopener\">Clic aqu\u00ed<\/a><\/em><\/p>\t\t\t\t\t\t\t\t<\/div>\n\t\t\t\t<\/div>\n\t\t\t\t<div class=\"elementor-element elementor-element-63f32894 elementor-widget-divider--view-line elementor-widget elementor-widget-divider\" data-id=\"63f32894\" data-element_type=\"widget\" data-widget_type=\"divider.default\">\n\t\t\t\t<div class=\"elementor-widget-container\">\n\t\t\t\t\t\t\t<div class=\"elementor-divider\">\n\t\t\t<span class=\"elementor-divider-separator\">\n\t\t\t\t\t\t<\/span>\n\t\t<\/div>\n\t\t\t\t\t\t<\/div>\n\t\t\t\t<\/div>\n\t\t\t\t<div class=\"elementor-element elementor-element-59346fbf elementor-widget elementor-widget-heading\" data-id=\"59346fbf\" data-element_type=\"widget\" data-widget_type=\"heading.default\">\n\t\t\t\t<div class=\"elementor-widget-container\">\n\t\t\t\t\t<h2 class=\"elementor-heading-title elementor-size-default\">M\u00e1s informaci\u00f3n y contacto<\/h2>\t\t\t\t<\/div>\n\t\t\t\t<\/div>\n\t\t\t\t<div class=\"elementor-element elementor-element-72c3155d elementor-widget elementor-widget-text-editor\" data-id=\"72c3155d\" data-element_type=\"widget\" data-widget_type=\"text-editor.default\">\n\t\t\t\t<div class=\"elementor-widget-container\">\n\t\t\t\t\t\t\t\t\t<p>Email: ppas@fhycs.unam.edu.ar<\/p><p>Redes sociales: \u00a0<a href=\"about:blank\">\u00a0<\/a><a href=\"about:blank\">PPASPosadas<\/a>\u00a0<a href=\"about:blank\">\u00a0<\/a><a href=\"about:blank\">\u00a0pp_antropologia_social<\/a><\/p>\t\t\t\t\t\t\t\t<\/div>\n\t\t\t\t<\/div>\n\t\t\t\t\t<\/div>\n\t\t<\/div>\n\t\t\t\t\t<\/div>\n\t\t<\/section>\n\t\t\t\t<\/div>\n\t\t","protected":false},"excerpt":{"rendered":"<p>Men\u00fa Detalles del seminario Estado de la inscripci\u00f3n: Abierta Modalidad: Dictado virtual Carga horaria: 50 horas Fechas de inicio y fin: viernes, desde el 24 de abril a 17 de julio.\u00a0 Horario: 16 a 19 hs. Cupo de estudiantes: M\u00ednimo 12 Destinatarios: Estudiantes de posgrado, investigadores\/as, profesionales y docentes universitarios\/as y terciarios de distintas \u00e1reas [&hellip;]<\/p>\n","protected":false},"author":2,"featured_media":3063,"parent":0,"menu_order":0,"comment_status":"closed","ping_status":"closed","template":"","meta":{"footnotes":""},"class_list":["post-3061","page","type-page","status-publish","has-post-thumbnail","hentry"],"_links":{"self":[{"href":"https:\/\/ppas.unam.edu.ar\/index.php?rest_route=\/wp\/v2\/pages\/3061","targetHints":{"allow":["GET"]}}],"collection":[{"href":"https:\/\/ppas.unam.edu.ar\/index.php?rest_route=\/wp\/v2\/pages"}],"about":[{"href":"https:\/\/ppas.unam.edu.ar\/index.php?rest_route=\/wp\/v2\/types\/page"}],"author":[{"embeddable":true,"href":"https:\/\/ppas.unam.edu.ar\/index.php?rest_route=\/wp\/v2\/users\/2"}],"replies":[{"embeddable":true,"href":"https:\/\/ppas.unam.edu.ar\/index.php?rest_route=%2Fwp%2Fv2%2Fcomments&post=3061"}],"version-history":[{"count":19,"href":"https:\/\/ppas.unam.edu.ar\/index.php?rest_route=\/wp\/v2\/pages\/3061\/revisions"}],"predecessor-version":[{"id":3222,"href":"https:\/\/ppas.unam.edu.ar\/index.php?rest_route=\/wp\/v2\/pages\/3061\/revisions\/3222"}],"wp:featuredmedia":[{"embeddable":true,"href":"https:\/\/ppas.unam.edu.ar\/index.php?rest_route=\/wp\/v2\/media\/3063"}],"wp:attachment":[{"href":"https:\/\/ppas.unam.edu.ar\/index.php?rest_route=%2Fwp%2Fv2%2Fmedia&parent=3061"}],"curies":[{"name":"wp","href":"https:\/\/api.w.org\/{rel}","templated":true}]}}