{"id":3073,"date":"2026-03-02T20:38:15","date_gmt":"2026-03-02T23:38:15","guid":{"rendered":"https:\/\/ppas.unam.edu.ar\/?page_id=3073"},"modified":"2026-03-14T12:58:52","modified_gmt":"2026-03-14T15:58:52","slug":"naturaleza-cultura-diversidad-de-percepciones-clasificaciones-y-practicas-en-sociedades-indigenas-y-campesinas","status":"publish","type":"page","link":"https:\/\/ppas.unam.edu.ar\/?page_id=3073","title":{"rendered":"Naturaleza\/cultura: diversidad de percepciones, clasificaciones y pr\u00e1cticas en sociedades ind\u00edgenas y campesinas"},"content":{"rendered":"\t\t<div data-elementor-type=\"wp-page\" data-elementor-id=\"3073\" class=\"elementor elementor-3073\" data-elementor-post-type=\"page\">\n\t\t\t\t\t\t<section class=\"elementor-section elementor-top-section elementor-element elementor-element-dc3b83c elementor-section-boxed elementor-section-height-default elementor-section-height-default\" data-id=\"dc3b83c\" data-element_type=\"section\">\n\t\t\t\t\t\t<div class=\"elementor-container elementor-column-gap-default\">\n\t\t\t\t\t<div class=\"elementor-column elementor-col-100 elementor-top-column elementor-element elementor-element-13593eec\" data-id=\"13593eec\" data-element_type=\"column\">\n\t\t\t<div class=\"elementor-widget-wrap elementor-element-populated\">\n\t\t\t\t\t\t<div class=\"elementor-element elementor-element-1edd57f0 elementor-widget elementor-widget-image\" data-id=\"1edd57f0\" data-element_type=\"widget\" data-widget_type=\"image.default\">\n\t\t\t\t<div class=\"elementor-widget-container\">\n\t\t\t\t\t\t\t\t\t\t\t\t\t\t\t<img fetchpriority=\"high\" decoding=\"async\" width=\"1921\" height=\"1081\" src=\"https:\/\/ppas.unam.edu.ar\/wp-content\/uploads\/2026\/03\/marilyn_3.jpg\" class=\"attachment-full size-full wp-image-3090\" alt=\"\" srcset=\"https:\/\/ppas.unam.edu.ar\/wp-content\/uploads\/2026\/03\/marilyn_3.jpg 1921w, https:\/\/ppas.unam.edu.ar\/wp-content\/uploads\/2026\/03\/marilyn_3-300x169.jpg 300w, https:\/\/ppas.unam.edu.ar\/wp-content\/uploads\/2026\/03\/marilyn_3-1024x576.jpg 1024w, https:\/\/ppas.unam.edu.ar\/wp-content\/uploads\/2026\/03\/marilyn_3-768x432.jpg 768w, https:\/\/ppas.unam.edu.ar\/wp-content\/uploads\/2026\/03\/marilyn_3-1536x864.jpg 1536w\" sizes=\"(max-width: 1921px) 100vw, 1921px\" \/>\t\t\t\t\t\t\t\t\t\t\t\t\t\t\t<\/div>\n\t\t\t\t<\/div>\n\t\t\t\t\t<\/div>\n\t\t<\/div>\n\t\t\t\t\t<\/div>\n\t\t<\/section>\n\t\t\t\t<section class=\"elementor-section elementor-top-section elementor-element elementor-element-5e619aea elementor-section-boxed elementor-section-height-default elementor-section-height-default\" data-id=\"5e619aea\" data-element_type=\"section\">\n\t\t\t\t\t\t<div class=\"elementor-container elementor-column-gap-default\">\n\t\t\t\t\t<div class=\"elementor-column elementor-col-33 elementor-top-column elementor-element elementor-element-4ce57811\" data-id=\"4ce57811\" data-element_type=\"column\">\n\t\t\t<div class=\"elementor-widget-wrap elementor-element-populated\">\n\t\t\t\t\t\t<div class=\"elementor-element elementor-element-79e0a186 elementor-hidden-mobile elementor-toc--minimized-on-tablet elementor-widget elementor-widget-table-of-contents\" data-id=\"79e0a186\" data-element_type=\"widget\" data-settings=\"{&quot;exclude_headings_by_selector&quot;:[],&quot;no_headings_message&quot;:&quot;No headings were found on this page.&quot;,&quot;sticky&quot;:&quot;top&quot;,&quot;sticky_offset&quot;:150,&quot;headings_by_tags&quot;:[&quot;h2&quot;,&quot;h3&quot;,&quot;h4&quot;,&quot;h5&quot;,&quot;h6&quot;],&quot;marker_view&quot;:&quot;numbers&quot;,&quot;minimize_box&quot;:&quot;yes&quot;,&quot;minimized_on&quot;:&quot;tablet&quot;,&quot;hierarchical_view&quot;:&quot;yes&quot;,&quot;min_height&quot;:{&quot;unit&quot;:&quot;px&quot;,&quot;size&quot;:&quot;&quot;,&quot;sizes&quot;:[]},&quot;min_height_tablet&quot;:{&quot;unit&quot;:&quot;px&quot;,&quot;size&quot;:&quot;&quot;,&quot;sizes&quot;:[]},&quot;min_height_mobile&quot;:{&quot;unit&quot;:&quot;px&quot;,&quot;size&quot;:&quot;&quot;,&quot;sizes&quot;:[]},&quot;sticky_on&quot;:[&quot;desktop&quot;,&quot;tablet&quot;,&quot;mobile&quot;],&quot;sticky_effects_offset&quot;:0,&quot;sticky_anchor_link_offset&quot;:0}\" data-widget_type=\"table-of-contents.default\">\n\t\t\t\t<div class=\"elementor-widget-container\">\n\t\t\t\t\t\t\t<div class=\"elementor-toc__header\">\n\t\t\t<h4 class=\"elementor-toc__header-title\">\n\t\t\t\tMen\u00fa\t\t\t<\/h4>\n\t\t\t\t\t\t\t<div class=\"elementor-toc__toggle-button elementor-toc__toggle-button--expand\" role=\"button\" tabindex=\"0\" aria-controls=\"elementor-toc__79e0a186\" aria-expanded=\"true\" aria-label=\"Open table of contents\"><i aria-hidden=\"true\" class=\"fas fa-chevron-down\"><\/i><\/div>\n\t\t\t\t<div class=\"elementor-toc__toggle-button elementor-toc__toggle-button--collapse\" role=\"button\" tabindex=\"0\" aria-controls=\"elementor-toc__79e0a186\" aria-expanded=\"true\" aria-label=\"Close table of contents\"><i aria-hidden=\"true\" class=\"fas fa-chevron-up\"><\/i><\/div>\n\t\t\t\t\t<\/div>\n\t\t<div id=\"elementor-toc__79e0a186\" class=\"elementor-toc__body\">\n\t\t\t<div class=\"elementor-toc__spinner-container\">\n\t\t\t\t<i class=\"elementor-toc__spinner eicon-animation-spin eicon-loading\" aria-hidden=\"true\"><\/i>\t\t\t<\/div>\n\t\t<\/div>\n\t\t\t\t\t\t<\/div>\n\t\t\t\t<\/div>\n\t\t\t\t\t<\/div>\n\t\t<\/div>\n\t\t\t\t<div class=\"elementor-column elementor-col-66 elementor-top-column elementor-element elementor-element-2b166f59\" data-id=\"2b166f59\" data-element_type=\"column\">\n\t\t\t<div class=\"elementor-widget-wrap elementor-element-populated\">\n\t\t\t\t\t\t<div class=\"elementor-element elementor-element-3a4eebff elementor-widget elementor-widget-heading\" data-id=\"3a4eebff\" data-element_type=\"widget\" data-widget_type=\"heading.default\">\n\t\t\t\t<div class=\"elementor-widget-container\">\n\t\t\t\t\t<h2 class=\"elementor-heading-title elementor-size-default\">Detalles del seminario<\/h2>\t\t\t\t<\/div>\n\t\t\t\t<\/div>\n\t\t\t\t<div class=\"elementor-element elementor-element-6c724606 elementor-widget elementor-widget-text-editor\" data-id=\"6c724606\" data-element_type=\"widget\" data-widget_type=\"text-editor.default\">\n\t\t\t\t<div class=\"elementor-widget-container\">\n\t\t\t\t\t\t\t\t\t<p><strong>Estado de la inscripci\u00f3n: <\/strong>Abierta<\/p><p><strong>Modalidad: <\/strong>Dictado h\u00edbrido (presencial y virtual-sincr\u00f3nico)<\/p><p><strong>Carga horaria: <\/strong>50 horas<\/p><p><strong>Fechas de inicio y fin:<\/strong> martes, desde el 28 de abril hasta el 14 de julio<\/p><p><strong>Horario:<\/strong> de 16 a 19 hs.<\/p><p><strong>Cupo de estudiantes: <\/strong>M\u00ednimo 12<\/p><p><strong>Destinatarios: <\/strong>Estudiantes de posgrado, investigadores\/as, profesionales y docentes universitarios\/as y terciarios de distintas \u00e1reas disciplinarias con inter\u00e9s en la investigaci\u00f3n social.<\/p><p><strong>Requisitos de admisi\u00f3n: <\/strong>Poseer un t\u00edtulo universitario o de nivel terciario de al menos cuatro a\u00f1os de duraci\u00f3n.<\/p>\t\t\t\t\t\t\t\t<\/div>\n\t\t\t\t<\/div>\n\t\t\t\t<div class=\"elementor-element elementor-element-4e64cead elementor-widget-divider--view-line elementor-widget elementor-widget-divider\" data-id=\"4e64cead\" data-element_type=\"widget\" data-widget_type=\"divider.default\">\n\t\t\t\t<div class=\"elementor-widget-container\">\n\t\t\t\t\t\t\t<div class=\"elementor-divider\">\n\t\t\t<span class=\"elementor-divider-separator\">\n\t\t\t\t\t\t<\/span>\n\t\t<\/div>\n\t\t\t\t\t\t<\/div>\n\t\t\t\t<\/div>\n\t\t\t\t<div class=\"elementor-element elementor-element-7804d16c elementor-widget elementor-widget-text-editor\" data-id=\"7804d16c\" data-element_type=\"widget\" data-widget_type=\"text-editor.default\">\n\t\t\t\t<div class=\"elementor-widget-container\">\n\t\t\t\t\t\t\t\t\t<p><strong>Docente a cargo<\/strong>: <span style=\"text-decoration: underline;\"><a href=\"https:\/\/ppas.unam.edu.ar\/?page_id=854\" target=\"_blank\" rel=\"noopener\"><b>Dra. Marilyn Cebolla Badie<\/b><\/a><\/span><\/p>\t\t\t\t\t\t\t\t<\/div>\n\t\t\t\t<\/div>\n\t\t\t\t<div class=\"elementor-element elementor-element-65293eda elementor-widget-divider--view-line elementor-widget elementor-widget-divider\" data-id=\"65293eda\" data-element_type=\"widget\" data-widget_type=\"divider.default\">\n\t\t\t\t<div class=\"elementor-widget-container\">\n\t\t\t\t\t\t\t<div class=\"elementor-divider\">\n\t\t\t<span class=\"elementor-divider-separator\">\n\t\t\t\t\t\t<\/span>\n\t\t<\/div>\n\t\t\t\t\t\t<\/div>\n\t\t\t\t<\/div>\n\t\t\t\t<div class=\"elementor-element elementor-element-1ac3fc33 elementor-widget elementor-widget-heading\" data-id=\"1ac3fc33\" data-element_type=\"widget\" data-widget_type=\"heading.default\">\n\t\t\t\t<div class=\"elementor-widget-container\">\n\t\t\t\t\t<h2 class=\"elementor-heading-title elementor-size-default\">Resumen del curso<\/h2>\t\t\t\t<\/div>\n\t\t\t\t<\/div>\n\t\t\t\t<div class=\"elementor-element elementor-element-561bf489 elementor-widget elementor-widget-text-editor\" data-id=\"561bf489\" data-element_type=\"widget\" data-widget_type=\"text-editor.default\">\n\t\t\t\t<div class=\"elementor-widget-container\">\n\t\t\t\t\t\t\t\t\t<p style=\"text-align: justify;\">La propuesta de este seminario es conocer y debatir sobre las relaciones que sociedades ind\u00edgenas, principalmente amaz\u00f3nicas y de tierras bajas, y sociedades campesinas mantienen con su entorno y los seres que lo habitan, dando especial relevancia a las diferentes maneras de construir y percibir distinciones y conexiones entre los diversos aspectos que solemos englobar en la dicotom\u00eda naturaleza\/cultura. Para ello se propone trabajar con estudios etnogr\u00e1ficos y abrir debates que colaboren para la mejor comprensi\u00f3n de las cosmovisiones de estos pueblos, de sus relaciones con el medio y de los modos pr\u00e1cticos y conceptuales que implican su existencia.<\/p>\t\t\t\t\t\t\t\t<\/div>\n\t\t\t\t<\/div>\n\t\t\t\t<div class=\"elementor-element elementor-element-2d4a86dc elementor-widget elementor-widget-heading\" data-id=\"2d4a86dc\" data-element_type=\"widget\" data-widget_type=\"heading.default\">\n\t\t\t\t<div class=\"elementor-widget-container\">\n\t\t\t\t\t<h2 class=\"elementor-heading-title elementor-size-default\">Objetivo General y Modalidad de clases<\/h2>\t\t\t\t<\/div>\n\t\t\t\t<\/div>\n\t\t\t\t<div class=\"elementor-element elementor-element-5bb0e109 elementor-widget elementor-widget-text-editor\" data-id=\"5bb0e109\" data-element_type=\"widget\" data-widget_type=\"text-editor.default\">\n\t\t\t\t<div class=\"elementor-widget-container\">\n\t\t\t\t\t\t\t\t\t<p style=\"text-align: justify;\">El estudio de la relaci\u00f3n naturaleza\/cultura ha sido uno de los pilares centrales de la Antropolog\u00eda pues ha permitido indagar en diversos sistemas clasificatorios, modos cognitivos, concepciones de tiempo y espacio, estructuras sociales y nociones de territorialidad; pr\u00e1cticas de uso y manejo de especies y paisajes, conflictos producidos por proyectos de desarrollo, entre otros. Al enfocarse etnogr\u00e1ficamente en estos asuntos, la teor\u00eda antropol\u00f3gica se ha enriquecido en las \u00faltimas d\u00e9cadas produciendo el llamado \u201cgiro ontol\u00f3gico\u201d (Descola, Latour, Viveiros de Castro), el \u201cpostdesarrollo\u201d y el \u201cmultiverso\u201d (Escobar), la \u201cantropolog\u00eda del pensamiento\u201d (Severi), \u201cantropolog\u00eda de la vida\u201d (Ingold), entre muchas otras tendencias. Lo importante de esta diversidad tem\u00e1tica y te\u00f3rica es que ha permitido explorar en nuevas dimensiones de las relaciones entre humanos y no humanos, en sofisticadas estrategias de uso de los ecosistemas en otros modos de percibir y de vivir, y en los continuos equ\u00edvocos de la relaci\u00f3n con los estados nacionales y sus pol\u00edticas ambientales y de desarrollo.<\/p><p style=\"text-align: justify;\">Los asistentes al curso deber\u00e1n realizar la lectura de los textos propuestos para cada uno de los encuentros semanales. Se har\u00e1n exposiciones orales de los mismos seg\u00fan un cronograma a organizar, con el fin de incentivar su an\u00e1lisis y posterior debate a partir de las distintas perspectivas te\u00f3ricas.<\/p>\t\t\t\t\t\t\t\t<\/div>\n\t\t\t\t<\/div>\n\t\t\t\t<div class=\"elementor-element elementor-element-20084056 elementor-widget elementor-widget-heading\" data-id=\"20084056\" data-element_type=\"widget\" data-widget_type=\"heading.default\">\n\t\t\t\t<div class=\"elementor-widget-container\">\n\t\t\t\t\t<h2 class=\"elementor-heading-title elementor-size-default\">Regularidad y condiciones de aprobaci\u00f3n<\/h2>\t\t\t\t<\/div>\n\t\t\t\t<\/div>\n\t\t\t\t<div class=\"elementor-element elementor-element-579d0327 elementor-widget elementor-widget-text-editor\" data-id=\"579d0327\" data-element_type=\"widget\" data-widget_type=\"text-editor.default\">\n\t\t\t\t<div class=\"elementor-widget-container\">\n\t\t\t\t\t\t\t\t\t<p style=\"text-align: justify;\">La evaluaci\u00f3n final consistir\u00e1 en la presentaci\u00f3n de un ensayo con una extensi\u00f3n de un m\u00ednimo de quince p\u00e1ginas m\u00e1s bibliograf\u00eda (letra Times New Roman tama\u00f1o 12, interlineado 1,5) y un m\u00e1ximo de veinte. El cual se realizar\u00e1 a partir de literatura etnogr\u00e1fica y\/o experiencia de trabajo de campo,\u00a0 teniendo en cuenta los conceptos y las discusiones te\u00f3ricas propuestos en el seminario.<\/p>\t\t\t\t\t\t\t\t<\/div>\n\t\t\t\t<\/div>\n\t\t\t\t<div class=\"elementor-element elementor-element-1a78959d elementor-widget-divider--view-line elementor-widget elementor-widget-divider\" data-id=\"1a78959d\" data-element_type=\"widget\" data-widget_type=\"divider.default\">\n\t\t\t\t<div class=\"elementor-widget-container\">\n\t\t\t\t\t\t\t<div class=\"elementor-divider\">\n\t\t\t<span class=\"elementor-divider-separator\">\n\t\t\t\t\t\t<\/span>\n\t\t<\/div>\n\t\t\t\t\t\t<\/div>\n\t\t\t\t<\/div>\n\t\t\t\t<div class=\"elementor-element elementor-element-646c3b31 elementor-widget elementor-widget-heading\" data-id=\"646c3b31\" data-element_type=\"widget\" data-widget_type=\"heading.default\">\n\t\t\t\t<div class=\"elementor-widget-container\">\n\t\t\t\t\t<h2 class=\"elementor-heading-title elementor-size-default\">Unidades tem\u00e1ticas - M\u00f3dulos<\/h2>\t\t\t\t<\/div>\n\t\t\t\t<\/div>\n\t\t\t\t<div class=\"elementor-element elementor-element-946f24f elementor-widget elementor-widget-text-editor\" data-id=\"946f24f\" data-element_type=\"widget\" data-widget_type=\"text-editor.default\">\n\t\t\t\t<div class=\"elementor-widget-container\">\n\t\t\t\t\t\t\t\t\t<p style=\"text-align: justify;\"><strong>Unidad I<\/strong><\/p><p style=\"text-align: justify;\">El concepto de fricci\u00f3n inter\u00e9tnica. La constituci\u00f3n de territorialidades, las percepciones del espacio y los usos y pr\u00e1cticas sobre el medio-ambiente que confrontan con las ideas de territorio impuestas desde los estados nacionales. Nuevos espacios de fricci\u00f3n inter\u00e9tnica.<\/p><p style=\"text-align: justify;\"><strong>Unidad II<\/strong><\/p><p style=\"text-align: justify;\">La relaci\u00f3n naturaleza-cultura. Puesta en cuesti\u00f3n de la pretendida universalidad del paradigma ontol\u00f3gico predominante que dictamina la divisi\u00f3n entre naturaleza y cultura.<\/p><p style=\"text-align: justify;\"><strong>Unidad III<\/strong><\/p><p style=\"text-align: justify;\">La interfaz entre naturaleza y cultura en las sociedades no occidentales, formas de conceptualizar el medio ambiente y de organizar su relaci\u00f3n con el cosmos. Ontolog\u00edas: humanos y no humanos, esp\u00edritus, plantas y animales.<\/p><p style=\"text-align: justify;\"><strong>Unidad IV<\/strong><\/p><p style=\"text-align: justify;\">La concepci\u00f3n de persona y la formaci\u00f3n del cuerpo. El r\u00e9gimen alimentario y el ciclo vital. El consumo de alimentos destinado no s\u00f3lo a la constituci\u00f3n de un cuerpo f\u00edsico sino a la creaci\u00f3n de ciertos tipos de cuerpos seg\u00fan los constre\u00f1imientos culturales.<\/p>\t\t\t\t\t\t\t\t<\/div>\n\t\t\t\t<\/div>\n\t\t\t\t<div class=\"elementor-element elementor-element-711403b9 elementor-widget-divider--view-line elementor-widget elementor-widget-divider\" data-id=\"711403b9\" data-element_type=\"widget\" data-widget_type=\"divider.default\">\n\t\t\t\t<div class=\"elementor-widget-container\">\n\t\t\t\t\t\t\t<div class=\"elementor-divider\">\n\t\t\t<span class=\"elementor-divider-separator\">\n\t\t\t\t\t\t<\/span>\n\t\t<\/div>\n\t\t\t\t\t\t<\/div>\n\t\t\t\t<\/div>\n\t\t\t\t<div class=\"elementor-element elementor-element-22a7dc85 elementor-widget elementor-widget-heading\" data-id=\"22a7dc85\" data-element_type=\"widget\" data-widget_type=\"heading.default\">\n\t\t\t\t<div class=\"elementor-widget-container\">\n\t\t\t\t\t<h2 class=\"elementor-heading-title elementor-size-default\">Requisitos de admisi\u00f3n<\/h2>\t\t\t\t<\/div>\n\t\t\t\t<\/div>\n\t\t\t\t<div class=\"elementor-element elementor-element-5b4f254c elementor-widget elementor-widget-text-editor\" data-id=\"5b4f254c\" data-element_type=\"widget\" data-widget_type=\"text-editor.default\">\n\t\t\t\t<div class=\"elementor-widget-container\">\n\t\t\t\t\t\t\t\t\t<p>Poseer un t\u00edtulo universitario o de nivel terciario de al menos cuatro a\u00f1os de duraci\u00f3n.<\/p>\t\t\t\t\t\t\t\t<\/div>\n\t\t\t\t<\/div>\n\t\t\t\t<div class=\"elementor-element elementor-element-749a1338 elementor-widget-divider--view-line elementor-widget elementor-widget-divider\" data-id=\"749a1338\" data-element_type=\"widget\" data-widget_type=\"divider.default\">\n\t\t\t\t<div class=\"elementor-widget-container\">\n\t\t\t\t\t\t\t<div class=\"elementor-divider\">\n\t\t\t<span class=\"elementor-divider-separator\">\n\t\t\t\t\t\t<\/span>\n\t\t<\/div>\n\t\t\t\t\t\t<\/div>\n\t\t\t\t<\/div>\n\t\t\t\t<div class=\"elementor-element elementor-element-279c1536 elementor-widget elementor-widget-heading\" data-id=\"279c1536\" data-element_type=\"widget\" data-widget_type=\"heading.default\">\n\t\t\t\t<div class=\"elementor-widget-container\">\n\t\t\t\t\t<h2 class=\"elementor-heading-title elementor-size-default\">Aranceles<\/h2>\t\t\t\t<\/div>\n\t\t\t\t<\/div>\n\t\t\t\t<div class=\"elementor-element elementor-element-323a5fd4 elementor-widget elementor-widget-text-editor\" data-id=\"323a5fd4\" data-element_type=\"widget\" data-widget_type=\"text-editor.default\">\n\t\t\t\t<div class=\"elementor-widget-container\">\n\t\t\t\t\t\t\t\t\t<p style=\"text-align: justify;\"><strong>Aclaraci\u00f3n: <\/strong>Las\/os Estudiantes Regulares del PPAS y Estudiantes Externos Residentes en Argentina podr\u00e1n abonar el monto del arancel en un solo pago o bien en dos: un primer pago con la inscripci\u00f3n y otro al mes siguiente.<\/p>\t\t\t\t\t\t\t\t<\/div>\n\t\t\t\t<\/div>\n\t\t\t\t<div class=\"elementor-element elementor-element-67a08ac1 elementor-widget elementor-widget-text-editor\" data-id=\"67a08ac1\" data-element_type=\"widget\" data-widget_type=\"text-editor.default\">\n\t\t\t\t<div class=\"elementor-widget-container\">\n\t\t\t\t\t\t\t\t\t<p><strong><u>Montos vigentes 2025<\/u><\/strong><\/p><table width=\"598\"><tbody><tr><td width=\"345\"><p><strong>Arancel de seminarios<\/strong><\/p><\/td><td width=\"94\"><p><strong>Monto total<\/strong><\/p><\/td><td width=\"76\"><p><strong>1ra. cuota<\/strong><\/p><\/td><td width=\"83\"><p><strong>2da. cuota<\/strong><\/p><\/td><\/tr><tr><td width=\"345\"><p>Estudiantes Regulares del PPAS<\/p><\/td><td width=\"94\"><p>$106.500<\/p><\/td><td width=\"76\"><p>$53.250<\/p><\/td><td width=\"83\"><p>$53.250<\/p><\/td><\/tr><tr><td width=\"345\"><p>Estudiantes Externos Residentes en Argentina<\/p><\/td><td width=\"94\"><p>$149.100<\/p><\/td><td width=\"76\"><p>$74.550<\/p><\/td><td width=\"83\"><p>$74.550<\/p><\/td><\/tr><tr><td width=\"345\"><p>Estudiantes Externos No Residentes en Argentina<\/p><\/td><td width=\"94\"><p>120 d\u00f3lares<\/p><\/td><td width=\"76\"><p>&#8212;&#8212;&#8212;<\/p><\/td><td width=\"83\"><p>&#8212;&#8212;&#8212;-<\/p><\/td><\/tr><tr><td width=\"345\"><p>Egresados y Docentes de la Universidad Nacional de Misiones*<\/p><\/td><td width=\"94\"><p>$119.280 (20% de descuento)<\/p><\/td><td width=\"76\"><p>$59.640<\/p><\/td><td width=\"83\"><p>$59.640<\/p><\/td><\/tr><\/tbody><\/table><p style=\"text-align: justify;\">*<span style=\"font-weight: 400;\">Los egresados de carreras de grado de la Universidad Nacional de Misiones tienen un descuento del 20% sobre matr\u00edculas y aranceles, como as\u00ed tambi\u00e9n los becarios CONICET<b> inscriptos en el PPAS;<\/b>\u00a0y los docentes de la UNaM con cargos de JTP, Adjunto, Asociado y Titular con dedicaciones simples.\u00a0<\/span><\/p>\t\t\t\t\t\t\t\t<\/div>\n\t\t\t\t<\/div>\n\t\t\t\t<div class=\"elementor-element elementor-element-4f6654c9 elementor-widget elementor-widget-text-editor\" data-id=\"4f6654c9\" data-element_type=\"widget\" data-widget_type=\"text-editor.default\">\n\t\t\t\t<div class=\"elementor-widget-container\">\n\t\t\t\t\t\t\t\t\t<p style=\"text-align: justify;\"><strong>IMPORTANTE:<\/strong> <span style=\"font-weight: 400;\">\u00a0la inscripci\u00f3n s\u00f3lo quedar\u00e1 confirmada habiendo abonado como m\u00ednimo el 50% del monto del curso. Para obtener el certificado, una vez aprobado el curso, deber\u00e1 tener el 100% del arancel pago, adem\u00e1s de cumplimentar los requisitos del seminario seg\u00fan lo estipulado en el programa.<\/span><\/p>\t\t\t\t\t\t\t\t<\/div>\n\t\t\t\t<\/div>\n\t\t\t\t<div class=\"elementor-element elementor-element-2bcb3271 elementor-widget-divider--view-line elementor-widget elementor-widget-divider\" data-id=\"2bcb3271\" data-element_type=\"widget\" data-widget_type=\"divider.default\">\n\t\t\t\t<div class=\"elementor-widget-container\">\n\t\t\t\t\t\t\t<div class=\"elementor-divider\">\n\t\t\t<span class=\"elementor-divider-separator\">\n\t\t\t\t\t\t<\/span>\n\t\t<\/div>\n\t\t\t\t\t\t<\/div>\n\t\t\t\t<\/div>\n\t\t\t\t<div class=\"elementor-element elementor-element-515b65c3 elementor-widget elementor-widget-heading\" data-id=\"515b65c3\" data-element_type=\"widget\" data-widget_type=\"heading.default\">\n\t\t\t\t<div class=\"elementor-widget-container\">\n\t\t\t\t\t<h2 class=\"elementor-heading-title elementor-size-default\">Medio de pago<\/h2>\t\t\t\t<\/div>\n\t\t\t\t<\/div>\n\t\t\t\t<section class=\"elementor-section elementor-inner-section elementor-element elementor-element-235eda19 elementor-section-boxed elementor-section-height-default elementor-section-height-default\" data-id=\"235eda19\" data-element_type=\"section\">\n\t\t\t\t\t\t<div class=\"elementor-container elementor-column-gap-default\">\n\t\t\t\t\t<div class=\"elementor-column elementor-col-50 elementor-inner-column elementor-element elementor-element-6c9c51ec\" data-id=\"6c9c51ec\" data-element_type=\"column\">\n\t\t\t<div class=\"elementor-widget-wrap elementor-element-populated\">\n\t\t\t\t\t\t<div class=\"elementor-element elementor-element-27776420 elementor-widget elementor-widget-text-editor\" data-id=\"27776420\" data-element_type=\"widget\" data-widget_type=\"text-editor.default\">\n\t\t\t\t<div class=\"elementor-widget-container\">\n\t\t\t\t\t\t\t\t\t<p><strong>Estudiantes Regulares del PPAS y Externos residentes en Argentina: <a href=\"https:\/\/ppas.unam.edu.ar\/\/wp-content\/uploads\/2021\/08\/Datos-bancarios-para-transferencias-y-depositos-por-cajero.pdf\" target=\"_blank\" rel=\"noopener\"><u>acceder aqu\u00ed<\/u> <\/a><\/strong><\/p>\t\t\t\t\t\t\t\t<\/div>\n\t\t\t\t<\/div>\n\t\t\t\t\t<\/div>\n\t\t<\/div>\n\t\t\t\t<div class=\"elementor-column elementor-col-50 elementor-inner-column elementor-element elementor-element-5727d3a0\" data-id=\"5727d3a0\" data-element_type=\"column\">\n\t\t\t<div class=\"elementor-widget-wrap elementor-element-populated\">\n\t\t\t\t\t\t<div class=\"elementor-element elementor-element-5c6db5f3 elementor-widget elementor-widget-text-editor\" data-id=\"5c6db5f3\" data-element_type=\"widget\" data-widget_type=\"text-editor.default\">\n\t\t\t\t<div class=\"elementor-widget-container\">\n\t\t\t\t\t\t\t\t\t<p><strong>Pagos Estudiantes Externos No Residentes en<\/strong><strong> Argentina:<\/strong> comunicarse a <a href=\"mailto:ppas@fhycs.unam.edu.ar\">ppas@fhycs.unam.edu.ar<\/a><\/p>\t\t\t\t\t\t\t\t<\/div>\n\t\t\t\t<\/div>\n\t\t\t\t\t<\/div>\n\t\t<\/div>\n\t\t\t\t\t<\/div>\n\t\t<\/section>\n\t\t\t\t<div class=\"elementor-element elementor-element-166fe5e7 elementor-widget-divider--view-line elementor-widget elementor-widget-divider\" data-id=\"166fe5e7\" data-element_type=\"widget\" data-widget_type=\"divider.default\">\n\t\t\t\t<div class=\"elementor-widget-container\">\n\t\t\t\t\t\t\t<div class=\"elementor-divider\">\n\t\t\t<span class=\"elementor-divider-separator\">\n\t\t\t\t\t\t<\/span>\n\t\t<\/div>\n\t\t\t\t\t\t<\/div>\n\t\t\t\t<\/div>\n\t\t\t\t<div class=\"elementor-element elementor-element-b393abc elementor-widget elementor-widget-heading\" data-id=\"b393abc\" data-element_type=\"widget\" data-widget_type=\"heading.default\">\n\t\t\t\t<div class=\"elementor-widget-container\">\n\t\t\t\t\t<h2 class=\"elementor-heading-title elementor-size-default\">Inscripci\u00f3n<\/h2>\t\t\t\t<\/div>\n\t\t\t\t<\/div>\n\t\t\t\t<div class=\"elementor-element elementor-element-da89994 elementor-widget elementor-widget-text-editor\" data-id=\"da89994\" data-element_type=\"widget\" data-widget_type=\"text-editor.default\">\n\t\t\t\t<div class=\"elementor-widget-container\">\n\t\t\t\t\t\t\t\t\t<p style=\"text-align: justify;\">Recomendaci\u00f3n: al momento de completar el formulario tenga a mano los archivos que deber\u00e1 adjuntar en el mismo seg\u00fan el caso.<\/p><p style=\"text-align: justify;\"><strong>1) Estudiantes Regulares de Maestr\u00eda y Doctorado del PPAS<\/strong>: adjuntar en el formulario el comprobante de transferencia bancaria. <span style=\"text-decoration: underline;\"><em><a href=\"https:\/\/forms.gle\/mj3sfDudqDEPRCtT9\" target=\"_blank\" rel=\"noopener\">Clic aqu\u00ed<\/a><\/em><\/span><\/p><p style=\"text-align: justify;\">2) <strong>Estudiantes Externos Residentes en Argentina<\/strong>: adjuntar en el formulario tres archivos: DNI, T\u00edtulo Universitario o Terciario de 4 a\u00f1os de duraci\u00f3n m\u00ednimo y comprobante de transferencia bancaria. <span style=\"text-decoration: underline;\"><em><a href=\"https:\/\/forms.gle\/gAd8wrDNAL3HNjCd6\" target=\"_blank\" rel=\"noopener\">Clic aqu\u00ed<\/a><\/em><\/span><\/p><p style=\"text-align: justify;\">3) <strong>Estudiantes Externos Residentes en el Exterior<\/strong>: adjuntar en el formulario dos archivos: DNI y T\u00edtulo Universitario. <em><a href=\"https:\/\/forms.gle\/PsYjc9ohPQVkzW7g9\" target=\"_blank\" rel=\"noopener\">Clic aqu\u00ed<\/a><\/em><\/p>\t\t\t\t\t\t\t\t<\/div>\n\t\t\t\t<\/div>\n\t\t\t\t<div class=\"elementor-element elementor-element-295d1127 elementor-widget-divider--view-line elementor-widget elementor-widget-divider\" data-id=\"295d1127\" data-element_type=\"widget\" data-widget_type=\"divider.default\">\n\t\t\t\t<div class=\"elementor-widget-container\">\n\t\t\t\t\t\t\t<div class=\"elementor-divider\">\n\t\t\t<span class=\"elementor-divider-separator\">\n\t\t\t\t\t\t<\/span>\n\t\t<\/div>\n\t\t\t\t\t\t<\/div>\n\t\t\t\t<\/div>\n\t\t\t\t<div class=\"elementor-element elementor-element-6989eb8e elementor-widget elementor-widget-heading\" data-id=\"6989eb8e\" data-element_type=\"widget\" data-widget_type=\"heading.default\">\n\t\t\t\t<div class=\"elementor-widget-container\">\n\t\t\t\t\t<h2 class=\"elementor-heading-title elementor-size-default\">M\u00e1s informaci\u00f3n y contacto<\/h2>\t\t\t\t<\/div>\n\t\t\t\t<\/div>\n\t\t\t\t<div class=\"elementor-element elementor-element-605437ea elementor-widget elementor-widget-text-editor\" data-id=\"605437ea\" data-element_type=\"widget\" data-widget_type=\"text-editor.default\">\n\t\t\t\t<div class=\"elementor-widget-container\">\n\t\t\t\t\t\t\t\t\t<p>Email: ppas@fhycs.unam.edu.ar<\/p><p>Redes sociales: \u00a0<a href=\"about:blank\">\u00a0<\/a><a href=\"about:blank\">PPASPosadas<\/a>\u00a0<a href=\"about:blank\">\u00a0<\/a><a href=\"about:blank\">\u00a0pp_antropologia_social<\/a><\/p>\t\t\t\t\t\t\t\t<\/div>\n\t\t\t\t<\/div>\n\t\t\t\t\t<\/div>\n\t\t<\/div>\n\t\t\t\t\t<\/div>\n\t\t<\/section>\n\t\t\t\t<section class=\"elementor-section elementor-top-section elementor-element elementor-element-c8bcc1d elementor-section-boxed elementor-section-height-default elementor-section-height-default\" data-id=\"c8bcc1d\" data-element_type=\"section\">\n\t\t\t\t\t\t<div class=\"elementor-container elementor-column-gap-default\">\n\t\t\t\t\t<div class=\"elementor-column elementor-col-100 elementor-top-column elementor-element elementor-element-bbaac44\" data-id=\"bbaac44\" data-element_type=\"column\">\n\t\t\t<div class=\"elementor-widget-wrap\">\n\t\t\t\t\t\t\t<\/div>\n\t\t<\/div>\n\t\t\t\t\t<\/div>\n\t\t<\/section>\n\t\t\t\t<\/div>\n\t\t","protected":false},"excerpt":{"rendered":"<p>Men\u00fa Detalles del seminario Estado de la inscripci\u00f3n: Abierta Modalidad: Dictado h\u00edbrido (presencial y virtual-sincr\u00f3nico) Carga horaria: 50 horas Fechas de inicio y fin: martes, desde el 28 de abril hasta el 14 de julio Horario: de 16 a 19 hs. Cupo de estudiantes: M\u00ednimo 12 Destinatarios: Estudiantes de posgrado, investigadores\/as, profesionales y docentes universitarios\/as [&hellip;]<\/p>\n","protected":false},"author":2,"featured_media":3074,"parent":0,"menu_order":0,"comment_status":"closed","ping_status":"closed","template":"","meta":{"footnotes":""},"class_list":["post-3073","page","type-page","status-publish","has-post-thumbnail","hentry"],"_links":{"self":[{"href":"https:\/\/ppas.unam.edu.ar\/index.php?rest_route=\/wp\/v2\/pages\/3073","targetHints":{"allow":["GET"]}}],"collection":[{"href":"https:\/\/ppas.unam.edu.ar\/index.php?rest_route=\/wp\/v2\/pages"}],"about":[{"href":"https:\/\/ppas.unam.edu.ar\/index.php?rest_route=\/wp\/v2\/types\/page"}],"author":[{"embeddable":true,"href":"https:\/\/ppas.unam.edu.ar\/index.php?rest_route=\/wp\/v2\/users\/2"}],"replies":[{"embeddable":true,"href":"https:\/\/ppas.unam.edu.ar\/index.php?rest_route=%2Fwp%2Fv2%2Fcomments&post=3073"}],"version-history":[{"count":13,"href":"https:\/\/ppas.unam.edu.ar\/index.php?rest_route=\/wp\/v2\/pages\/3073\/revisions"}],"predecessor-version":[{"id":3189,"href":"https:\/\/ppas.unam.edu.ar\/index.php?rest_route=\/wp\/v2\/pages\/3073\/revisions\/3189"}],"wp:featuredmedia":[{"embeddable":true,"href":"https:\/\/ppas.unam.edu.ar\/index.php?rest_route=\/wp\/v2\/media\/3074"}],"wp:attachment":[{"href":"https:\/\/ppas.unam.edu.ar\/index.php?rest_route=%2Fwp%2Fv2%2Fmedia&parent=3073"}],"curies":[{"name":"wp","href":"https:\/\/api.w.org\/{rel}","templated":true}]}}